{"id":6214,"date":"2025-09-10T16:20:48","date_gmt":"2025-09-10T16:20:48","guid":{"rendered":"https:\/\/appw.pt\/?page_id=6214"},"modified":"2025-09-15T22:28:10","modified_gmt":"2025-09-15T22:28:10","slug":"problemas-medicos-associados-a-sindrome-de-prader-willi","status":"publish","type":"page","link":"https:\/\/appw.pt\/index.php\/problemas-medicos-associados-a-sindrome-de-prader-willi\/","title":{"rendered":"Problemas M\u00e9dicos Associados \u00e0 S\u00edndrome de Prader-Willi"},"content":{"rendered":"\t\t<div data-elementor-type=\"wp-page\" data-elementor-id=\"6214\" class=\"elementor elementor-6214\">\n\t\t\t\t<div class=\"elementor-element elementor-element-e4251a4 e-flex e-con-boxed e-con e-parent\" data-id=\"e4251a4\" data-element_type=\"container\" data-e-type=\"container\">\r\n\t\t\t\t\t<div class=\"e-con-inner\">\r\n\t\t\t\t<div class=\"elementor-element elementor-element-67e28ec elementor-widget elementor-widget-spacer\" data-id=\"67e28ec\" data-element_type=\"widget\" data-e-type=\"widget\" data-widget_type=\"spacer.default\">\n\t\t\t\t<div class=\"elementor-widget-container\">\n\t\t\t\t\t\t\t<div class=\"elementor-spacer\">\n\t\t\t<div class=\"elementor-spacer-inner\"><\/div>\n\t\t<\/div>\n\t\t\t\t\t\t<\/div>\n\t\t\t\t<\/div>\n\t\t\t\t\t<\/div>\n\t\t\t\t<\/div>\n\t\t<div class=\"elementor-element elementor-element-c57a994 e-flex e-con-boxed e-con e-parent\" data-id=\"c57a994\" data-element_type=\"container\" data-e-type=\"container\">\r\n\t\t\t\t\t<div class=\"e-con-inner\">\r\n\t\t\t\t<div class=\"elementor-element elementor-element-c9c4de0 elementor-widget elementor-widget-image\" data-id=\"c9c4de0\" data-element_type=\"widget\" data-e-type=\"widget\" data-widget_type=\"image.default\">\n\t\t\t\t<div class=\"elementor-widget-container\">\n\t\t\t\t\t\t\t\t\t\t\t\t\t\t\t<img fetchpriority=\"high\" decoding=\"async\" width=\"1024\" height=\"576\" src=\"https:\/\/appw.pt\/wp-content\/uploads\/2025\/09\/Adicionar-um-titulo-26-1024x576.jpg\" class=\"attachment-large size-large wp-image-6269\" alt=\"\" srcset=\"https:\/\/appw.pt\/wp-content\/uploads\/2025\/09\/Adicionar-um-titulo-26-1024x576.jpg 1024w, https:\/\/appw.pt\/wp-content\/uploads\/2025\/09\/Adicionar-um-titulo-26-768x432.jpg 768w, https:\/\/appw.pt\/wp-content\/uploads\/2025\/09\/Adicionar-um-titulo-26-640x360.jpg 640w, https:\/\/appw.pt\/wp-content\/uploads\/2025\/09\/Adicionar-um-titulo-26-400x225.jpg 400w, https:\/\/appw.pt\/wp-content\/uploads\/2025\/09\/Adicionar-um-titulo-26-367x206.jpg 367w, https:\/\/appw.pt\/wp-content\/uploads\/2025\/09\/Adicionar-um-titulo-26-600x338.jpg 600w\" sizes=\"(max-width: 1024px) 100vw, 1024px\" \/>\t\t\t\t\t\t\t\t\t\t\t\t\t\t\t<\/div>\n\t\t\t\t<\/div>\n\t\t\t\t\t<\/div>\n\t\t\t\t<\/div>\n\t\t<div class=\"elementor-element elementor-element-2b8681e e-flex e-con-boxed e-con e-parent\" data-id=\"2b8681e\" data-element_type=\"container\" data-e-type=\"container\">\r\n\t\t\t\t\t<div class=\"e-con-inner\">\r\n\t\t\t\t<div class=\"elementor-element elementor-element-3f37ac8 elementor-widget elementor-widget-spacer\" data-id=\"3f37ac8\" data-element_type=\"widget\" data-e-type=\"widget\" data-widget_type=\"spacer.default\">\n\t\t\t\t<div class=\"elementor-widget-container\">\n\t\t\t\t\t\t\t<div class=\"elementor-spacer\">\n\t\t\t<div class=\"elementor-spacer-inner\"><\/div>\n\t\t<\/div>\n\t\t\t\t\t\t<\/div>\n\t\t\t\t<\/div>\n\t\t\t\t\t<\/div>\n\t\t\t\t<\/div>\n\t\t<div class=\"elementor-element elementor-element-e1dda3b e-flex e-con-boxed e-con e-parent\" data-id=\"e1dda3b\" data-element_type=\"container\" data-e-type=\"container\">\r\n\t\t\t\t\t<div class=\"e-con-inner\">\r\n\t\t\t\t<div class=\"elementor-element elementor-element-ea16a0a elementor-widget__width-initial elementor-widget elementor-widget-porto_ultimate_heading\" data-id=\"ea16a0a\" data-element_type=\"widget\" data-e-type=\"widget\" data-widget_type=\"porto_ultimate_heading.default\">\n\t\t\t\t<div class=\"elementor-widget-container\">\n\t\t\t\t\t<div class=\"porto-u-heading  porto-u-bd11424de395366805213f3c847c9ae4\"><div class=\"porto-u-sub-heading\" style=\"\"><p style=\"text-align: left;\"><span style=\"color: #000000; font-size: 17px;\"><strong data-start=\"139\" data-end=\"277\">Nesta p\u00e1gina reunimos informa\u00e7\u00e3o e recursos relativos aos problemas m\u00e9dicos mais frequentemente associados \u00e0 s\u00edndrome de Prader-Willi.<\/strong><\/span><\/p><p style=\"text-align: left;\"><span style=\"color: #000000; font-size: 17px;\">Na p\u00e1gina ser\u00e3o abordados os principais problemas m\u00e9dicos associados \u00e0 S\u00edndrome de Prader-Willi: d\u00e9fice de <strong data-start=\"173\" data-end=\"199\">hormona de crescimento<\/strong>, quest\u00f5es de <strong data-start=\"213\" data-end=\"229\">sa\u00fade mental<\/strong>, altera\u00e7\u00f5es no <strong data-start=\"245\" data-end=\"287\">desenvolvimento hormonal e sexualidade<\/strong>, <strong data-start=\"289\" data-end=\"320\">problemas gastrointestinais<\/strong> e presen\u00e7a de tra\u00e7os de <strong data-start=\"345\" data-end=\"356\">autismo<\/strong>.<\/span><br data-start=\"277\" data-end=\"280\" \/><span style=\"color: #000000; font-size: 17px;\">Convidamos os visitantes a consultar igualmente as sec\u00e7\u00f5es de <strong><a href=\"https:\/\/appw.pt\/index.php\/especialidades-medicas-terapias\/\" target=\"_blank\" rel=\"noopener\">Especialidades M\u00e9dicas e Terapias<\/a><\/strong> e de<a href=\"https:\/\/appw.pt\/index.php\/informacao-para-pais\/\" target=\"_blank\" rel=\"noopener\"> <strong data-start=\"374\" data-end=\"398\">Informa\u00e7\u00e3o para Pais<\/strong><\/a>, onde se encontra dispon\u00edvel conte\u00fado complementar de car\u00e1ter cl\u00ednico e orientador.<\/span><\/p><\/div><style>.porto-u-bd11424de395366805213f3c847c9ae4.porto-u-heading{text-align:center}<\/style><\/div>\t\t\t\t<\/div>\n\t\t\t\t<\/div>\n\t\t\t\t\t<\/div>\n\t\t\t\t<\/div>\n\t\t<div class=\"elementor-element elementor-element-e8f84f9 e-flex e-con-boxed e-con e-parent\" data-id=\"e8f84f9\" data-element_type=\"container\" data-e-type=\"container\">\r\n\t\t\t\t\t<div class=\"e-con-inner\">\r\n\t\t\t\t<div class=\"elementor-element elementor-element-aef5713 elementor-widget elementor-widget-spacer\" data-id=\"aef5713\" data-element_type=\"widget\" data-e-type=\"widget\" data-widget_type=\"spacer.default\">\n\t\t\t\t<div class=\"elementor-widget-container\">\n\t\t\t\t\t\t\t<div class=\"elementor-spacer\">\n\t\t\t<div class=\"elementor-spacer-inner\"><\/div>\n\t\t<\/div>\n\t\t\t\t\t\t<\/div>\n\t\t\t\t<\/div>\n\t\t\t\t\t<\/div>\n\t\t\t\t<\/div>\n\t\t<div class=\"elementor-element elementor-element-05a2423 e-flex e-con-boxed e-con e-parent\" data-id=\"05a2423\" data-element_type=\"container\" data-e-type=\"container\">\r\n\t\t\t\t\t<div class=\"e-con-inner\">\r\n\t\t\t\t<div class=\"elementor-element elementor-element-589d7af elementor-widget elementor-widget-heading\" data-id=\"589d7af\" data-element_type=\"widget\" data-e-type=\"widget\" data-widget_type=\"heading.default\">\n\t\t\t\t<div class=\"elementor-widget-container\">\n\t\t\t\t\t<h2 class=\"elementor-heading-title elementor-size-default\">Como \u00e9 feito o diagn\u00f3stico?<\/h2>\t\t\t\t<\/div>\n\t\t\t\t<\/div>\n\t\t\t\t\t<\/div>\n\t\t\t\t<\/div>\n\t\t<div class=\"elementor-element elementor-element-71200e9 e-flex e-con-boxed e-con e-parent\" data-id=\"71200e9\" data-element_type=\"container\" data-e-type=\"container\">\r\n\t\t\t\t\t<div class=\"e-con-inner\">\r\n\t\t\t\t<div class=\"elementor-element elementor-element-7fb60e2 customLineProgressAnim my-3 elementor-widget-divider--view-line elementor-invisible elementor-widget elementor-widget-divider\" data-id=\"7fb60e2\" data-element_type=\"widget\" data-e-type=\"widget\" data-settings=\"{&quot;_animation&quot;:&quot;fadeIn&quot;,&quot;_animation_delay&quot;:300}\" data-widget_type=\"divider.default\">\n\t\t\t\t<div class=\"elementor-widget-container\">\n\t\t\t\t\t\t\t<div class=\"elementor-divider\">\n\t\t\t<span class=\"elementor-divider-separator\">\n\t\t\t\t\t\t<\/span>\n\t\t<\/div>\n\t\t\t\t\t\t<\/div>\n\t\t\t\t<\/div>\n\t\t\t\t\t<\/div>\n\t\t\t\t<\/div>\n\t\t\t\t<section class=\"elementor-section elementor-top-section elementor-element elementor-element-3cc3577 elementor-section-content-middle overflow-hidden pt-md-4 pt-xl-0 elementor-section-boxed elementor-section-height-default elementor-section-height-default\" data-id=\"3cc3577\" data-element_type=\"section\" data-e-type=\"section\">\r\n\t\t\r\n\t\t\t\t\t\t\t<div class=\"elementor-container elementor-column-gap-default\">\r\n\t\t\t\t\t\t\t\t\t\t\t<div class=\"elementor-column elementor-col-50 elementor-top-column elementor-element elementor-element-320be5a\" data-id=\"320be5a\" data-element_type=\"column\" data-e-type=\"column\">\r\n\t\t\t\t\t<div class=\"elementor-widget-wrap elementor-element-populated\">\r\n\t\t\t\t\t\t\t\t<div class=\"elementor-element elementor-element-a9f06c3 elementor-widget__width-initial elementor-position-top elementor-widget elementor-widget-image-box\" data-id=\"a9f06c3\" data-element_type=\"widget\" data-e-type=\"widget\" data-widget_type=\"image-box.default\">\n\t\t\t\t<div class=\"elementor-widget-container\">\n\t\t\t\t\t<div class=\"elementor-image-box-wrapper\"><figure class=\"elementor-image-box-img\"><img decoding=\"async\" src=\"https:\/\/appw.pt\/wp-content\/uploads\/2025\/09\/Adicionar-um-titulo-35.jpg\" title=\"\" alt=\"\" loading=\"lazy\" \/><\/figure><div class=\"elementor-image-box-content\"><p class=\"elementor-image-box-title\">Hormona de Crescimento<\/p><p class=\"elementor-image-box-description\">Na s\u00edndrome de Prader-Willi, \u00e9 frequente a defici\u00eancia de hormona de crescimento, o que contribui para baixa estatura, excesso de gordura corporal, pouca massa muscular e fragilidade \u00f3ssea.\nO tratamento com hormona de crescimento sint\u00e9tica \u00e9 fundamental, pois ajuda a melhorar o crescimento, a for\u00e7a, a composi\u00e7\u00e3o corporal e a qualidade de vida, tanto em crian\u00e7as como em adultos.<\/p><\/div><\/div>\t\t\t\t<\/div>\n\t\t\t\t<\/div>\n\t\t\t\t<div class=\"elementor-element elementor-element-59156a4 elementor-align-center elementor-widget elementor-widget-button\" data-id=\"59156a4\" data-element_type=\"widget\" data-e-type=\"widget\" data-widget_type=\"button.default\">\n\t\t\t\t<div class=\"elementor-widget-container\">\n\t\t\t\t\t\t\t\t\t<div class=\"elementor-button-wrapper\">\n\t\t\t\t\t<a class=\"elementor-button elementor-button-link elementor-size-sm\" href=\"https:\/\/appw.pt\/index.php\/hormona-de-crescimento\/\" target=\"_blank\">\n\t\t\t\t\t\t<span class=\"elementor-button-content-wrapper\">\n\t\t\t\t\t\t\t\t\t<span class=\"elementor-button-text\">Clique aqui<\/span>\n\t\t\t\t\t<\/span>\n\t\t\t\t\t<\/a>\n\t\t\t\t<\/div>\n\t\t\t\t\t\t\t\t<\/div>\n\t\t\t\t<\/div>\n\t\t\t\t\t<\/div>\r\n\t\t\t\t<\/div>\r\n\t\t\t\t<div class=\"elementor-column elementor-col-50 elementor-top-column elementor-element elementor-element-f96ac91\" data-id=\"f96ac91\" data-element_type=\"column\" data-e-type=\"column\">\r\n\t\t\t\t\t<div class=\"elementor-widget-wrap elementor-element-populated\">\r\n\t\t\t\t\t\t\t\t<div class=\"elementor-element elementor-element-f70221c elementor-widget__width-initial elementor-position-top elementor-widget elementor-widget-image-box\" data-id=\"f70221c\" data-element_type=\"widget\" data-e-type=\"widget\" data-widget_type=\"image-box.default\">\n\t\t\t\t<div class=\"elementor-widget-container\">\n\t\t\t\t\t<div class=\"elementor-image-box-wrapper\"><figure class=\"elementor-image-box-img\"><img decoding=\"async\" src=\"https:\/\/appw.pt\/wp-content\/uploads\/2025\/09\/Adicionar-um-titulo-34.jpg\" title=\"\" alt=\"\" loading=\"lazy\" \/><\/figure><div class=\"elementor-image-box-content\"><p class=\"elementor-image-box-title\">Perturba\u00e7\u00f5es do Espectro do Autismo<\/p><p class=\"elementor-image-box-description\">Algumas pessoas com s\u00edndrome de Prader-Willi apresentam caracter\u00edsticas do espectro do autismo, como dificuldades de comunica\u00e7\u00e3o, rigidez e desafios sociais, que podem agravar sintomas j\u00e1 existentes. A identifica\u00e7\u00e3o precoce destes tra\u00e7os permite aplicar terapias e apoios especializados que melhoram a integra\u00e7\u00e3o social e a qualidade de vida.<\/p><\/div><\/div>\t\t\t\t<\/div>\n\t\t\t\t<\/div>\n\t\t\t\t<div class=\"elementor-element elementor-element-f8a08fa elementor-align-center elementor-widget elementor-widget-button\" data-id=\"f8a08fa\" data-element_type=\"widget\" data-e-type=\"widget\" data-widget_type=\"button.default\">\n\t\t\t\t<div class=\"elementor-widget-container\">\n\t\t\t\t\t\t\t\t\t<div class=\"elementor-button-wrapper\">\n\t\t\t\t\t<a class=\"elementor-button elementor-button-link elementor-size-sm\" href=\"https:\/\/appw.pt\/index.php\/perturbacoes-do-espectro-do-autismo\/\" target=\"_blank\">\n\t\t\t\t\t\t<span class=\"elementor-button-content-wrapper\">\n\t\t\t\t\t\t\t\t\t<span class=\"elementor-button-text\">Clique aqui<\/span>\n\t\t\t\t\t<\/span>\n\t\t\t\t\t<\/a>\n\t\t\t\t<\/div>\n\t\t\t\t\t\t\t\t<\/div>\n\t\t\t\t<\/div>\n\t\t\t\t\t<\/div>\r\n\t\t\t\t<\/div>\r\n\t\t\t\t\t<\/div>\r\n\t\t\t\t<\/section>\r\n\t\t\t\t<section class=\"elementor-section elementor-top-section elementor-element elementor-element-391b4d4 elementor-section-content-middle overflow-hidden pt-md-4 pt-xl-0 elementor-section-boxed elementor-section-height-default elementor-section-height-default\" data-id=\"391b4d4\" data-element_type=\"section\" data-e-type=\"section\">\r\n\t\t\r\n\t\t\t\t\t\t\t<div class=\"elementor-container elementor-column-gap-default\">\r\n\t\t\t\t\t\t\t\t\t\t\t<div class=\"elementor-column elementor-col-100 elementor-top-column elementor-element elementor-element-e712d3e\" data-id=\"e712d3e\" data-element_type=\"column\" data-e-type=\"column\">\r\n\t\t\t\t\t<div class=\"elementor-widget-wrap elementor-element-populated\">\r\n\t\t\t\t\t\t\t\t<div class=\"elementor-element elementor-element-7a03692 elementor-widget elementor-widget-spacer\" data-id=\"7a03692\" data-element_type=\"widget\" data-e-type=\"widget\" data-widget_type=\"spacer.default\">\n\t\t\t\t<div class=\"elementor-widget-container\">\n\t\t\t\t\t\t\t<div class=\"elementor-spacer\">\n\t\t\t<div class=\"elementor-spacer-inner\"><\/div>\n\t\t<\/div>\n\t\t\t\t\t\t<\/div>\n\t\t\t\t<\/div>\n\t\t\t\t\t<\/div>\r\n\t\t\t\t<\/div>\r\n\t\t\t\t\t<\/div>\r\n\t\t\t\t<\/section>\r\n\t\t<div class=\"elementor-element elementor-element-98a576d e-flex e-con-boxed e-con e-parent\" data-id=\"98a576d\" data-element_type=\"container\" data-e-type=\"container\">\r\n\t\t\t\t\t<div class=\"e-con-inner\">\r\n\t\t<div class=\"elementor-element elementor-element-b5938c0 e-con-full e-flex e-con e-child\" data-id=\"b5938c0\" data-element_type=\"container\" data-e-type=\"container\">\r\n\t\t\t\t<div class=\"elementor-element elementor-element-d688362 elementor-widget__width-initial elementor-position-top elementor-widget elementor-widget-image-box\" data-id=\"d688362\" data-element_type=\"widget\" data-e-type=\"widget\" data-widget_type=\"image-box.default\">\n\t\t\t\t<div class=\"elementor-widget-container\">\n\t\t\t\t\t<div class=\"elementor-image-box-wrapper\"><figure class=\"elementor-image-box-img\"><img decoding=\"async\" width=\"940\" height=\"788\" src=\"https:\/\/appw.pt\/wp-content\/uploads\/2025\/09\/Adicionar-um-titulo-33.jpg\" class=\"attachment-full size-full wp-image-6318\" alt=\"\" srcset=\"https:\/\/appw.pt\/wp-content\/uploads\/2025\/09\/Adicionar-um-titulo-33.jpg 940w, https:\/\/appw.pt\/wp-content\/uploads\/2025\/09\/Adicionar-um-titulo-33-768x644.jpg 768w, https:\/\/appw.pt\/wp-content\/uploads\/2025\/09\/Adicionar-um-titulo-33-640x537.jpg 640w, https:\/\/appw.pt\/wp-content\/uploads\/2025\/09\/Adicionar-um-titulo-33-400x335.jpg 400w, https:\/\/appw.pt\/wp-content\/uploads\/2025\/09\/Adicionar-um-titulo-33-367x308.jpg 367w, https:\/\/appw.pt\/wp-content\/uploads\/2025\/09\/Adicionar-um-titulo-33-600x503.jpg 600w\" sizes=\"(max-width: 940px) 100vw, 940px\" \/><\/figure><div class=\"elementor-image-box-content\"><p class=\"elementor-image-box-title\">Sexualidade e Desenvolvimento Hormonal<\/p><p class=\"elementor-image-box-description\">Na S\u00edndrome de Prader-Willi, o desenvolvimento hormonal e a sexualidade exigem acompanhamento especializado. Altera\u00e7\u00f5es hormonais podem afetar o crescimento, a puberdade e a fertilidade, tornando essencial o apoio m\u00e9dico regular. A sexualidade, por sua vez, deve ser abordada de forma positiva e adaptada, valorizando a dimens\u00e3o afetiva, social e relacional.<\/p><\/div><\/div>\t\t\t\t<\/div>\n\t\t\t\t<\/div>\n\t\t\t\t<div class=\"elementor-element elementor-element-9855082 elementor-align-center elementor-widget elementor-widget-button\" data-id=\"9855082\" data-element_type=\"widget\" data-e-type=\"widget\" data-widget_type=\"button.default\">\n\t\t\t\t<div class=\"elementor-widget-container\">\n\t\t\t\t\t\t\t\t\t<div class=\"elementor-button-wrapper\">\n\t\t\t\t\t<a class=\"elementor-button elementor-button-link elementor-size-sm\" href=\"https:\/\/appw.pt\/index.php\/sexualidade-e-desenvolvimento-hormonal\/\" target=\"_blank\">\n\t\t\t\t\t\t<span class=\"elementor-button-content-wrapper\">\n\t\t\t\t\t\t\t\t\t<span class=\"elementor-button-text\">Clique aqui<\/span>\n\t\t\t\t\t<\/span>\n\t\t\t\t\t<\/a>\n\t\t\t\t<\/div>\n\t\t\t\t\t\t\t\t<\/div>\n\t\t\t\t<\/div>\n\t\t\t\t<\/div>\n\t\t<div class=\"elementor-element elementor-element-be7ae32 e-con-full e-flex e-con e-child\" data-id=\"be7ae32\" data-element_type=\"container\" data-e-type=\"container\">\r\n\t\t\t\t<div class=\"elementor-element elementor-element-a7b95a1 elementor-widget__width-initial elementor-position-top elementor-widget elementor-widget-image-box\" data-id=\"a7b95a1\" data-element_type=\"widget\" data-e-type=\"widget\" data-widget_type=\"image-box.default\">\n\t\t\t\t<div class=\"elementor-widget-container\">\n\t\t\t\t\t<div class=\"elementor-image-box-wrapper\"><figure class=\"elementor-image-box-img\"><img decoding=\"async\" src=\"https:\/\/appw.pt\/wp-content\/uploads\/2025\/09\/Adicionar-um-titulo-37.jpg\" title=\"\" alt=\"\" loading=\"lazy\" \/><\/figure><div class=\"elementor-image-box-content\"><p class=\"elementor-image-box-title\">Problemas Gastrointestinais<\/p><p class=\"elementor-image-box-description\">Os problemas gastrointestinais na S\u00edndrome de Prader-Willi incluem hiperfagia persistente, esvaziamento g\u00e1strico retardado, refluxo gastroesof\u00e1gico e obstipa\u00e7\u00e3o intestinal cr\u00f3nica. Estas altera\u00e7\u00f5es podem conduzir a complica\u00e7\u00f5es graves, como distens\u00e3o abdominal e ruptura g\u00e1strica. A gest\u00e3o adequada exige vigil\u00e2ncia cl\u00ednica e acompanhamento multidisciplinar.<\/p><\/div><\/div>\t\t\t\t<\/div>\n\t\t\t\t<\/div>\n\t\t\t\t<div class=\"elementor-element elementor-element-ed1aeef elementor-align-center elementor-widget elementor-widget-button\" data-id=\"ed1aeef\" data-element_type=\"widget\" data-e-type=\"widget\" data-widget_type=\"button.default\">\n\t\t\t\t<div class=\"elementor-widget-container\">\n\t\t\t\t\t\t\t\t\t<div class=\"elementor-button-wrapper\">\n\t\t\t\t\t<a class=\"elementor-button elementor-button-link elementor-size-sm\" href=\"https:\/\/appw.pt\/index.php\/problemas-gastrointestinais\/\" target=\"_blank\">\n\t\t\t\t\t\t<span class=\"elementor-button-content-wrapper\">\n\t\t\t\t\t\t\t\t\t<span class=\"elementor-button-text\">Clique aqui<\/span>\n\t\t\t\t\t<\/span>\n\t\t\t\t\t<\/a>\n\t\t\t\t<\/div>\n\t\t\t\t\t\t\t\t<\/div>\n\t\t\t\t<\/div>\n\t\t\t\t<\/div>\n\t\t\t\t\t<\/div>\n\t\t\t\t<\/div>\n\t\t<div class=\"elementor-element elementor-element-b283d41 e-flex e-con-boxed e-con e-parent\" data-id=\"b283d41\" data-element_type=\"container\" data-e-type=\"container\">\r\n\t\t\t\t\t<div class=\"e-con-inner\">\r\n\t\t\t\t<div class=\"elementor-element elementor-element-46a8b5f elementor-widget elementor-widget-spacer\" data-id=\"46a8b5f\" data-element_type=\"widget\" data-e-type=\"widget\" data-widget_type=\"spacer.default\">\n\t\t\t\t<div class=\"elementor-widget-container\">\n\t\t\t\t\t\t\t<div class=\"elementor-spacer\">\n\t\t\t<div class=\"elementor-spacer-inner\"><\/div>\n\t\t<\/div>\n\t\t\t\t\t\t<\/div>\n\t\t\t\t<\/div>\n\t\t\t\t\t<\/div>\n\t\t\t\t<\/div>\n\t\t<div class=\"elementor-element elementor-element-653b2b6 e-flex e-con-boxed e-con e-parent\" data-id=\"653b2b6\" data-element_type=\"container\" data-e-type=\"container\">\r\n\t\t\t\t\t<div class=\"e-con-inner\">\r\n\t\t\t\t<div class=\"elementor-element elementor-element-c6dadf6 elementor-widget elementor-widget-spacer\" data-id=\"c6dadf6\" data-element_type=\"widget\" data-e-type=\"widget\" data-widget_type=\"spacer.default\">\n\t\t\t\t<div class=\"elementor-widget-container\">\n\t\t\t\t\t\t\t<div class=\"elementor-spacer\">\n\t\t\t<div class=\"elementor-spacer-inner\"><\/div>\n\t\t<\/div>\n\t\t\t\t\t\t<\/div>\n\t\t\t\t<\/div>\n\t\t\t\t\t<\/div>\n\t\t\t\t<\/div>\n\t\t\t\t<\/div>\n\t\t","protected":false},"excerpt":{"rendered":"<p>Nesta p\u00e1gina reunimos informa\u00e7\u00e3o e recursos relativos aos problemas m\u00e9dicos mais frequentemente associados \u00e0 s\u00edndrome de Prader-Willi. Na p\u00e1gina ser\u00e3o abordados os principais problemas m\u00e9dicos associados \u00e0 S\u00edndrome de Prader-Willi: d\u00e9fice de hormona de crescimento, quest\u00f5es de sa\u00fade mental, altera\u00e7\u00f5es no desenvolvimento hormonal e sexualidade, problemas gastrointestinais e presen\u00e7a de tra\u00e7os de autismo.Convidamos os visitantes [&hellip;]<\/p>\n","protected":false},"author":4,"featured_media":0,"parent":0,"menu_order":0,"comment_status":"closed","ping_status":"closed","template":"","meta":{"footnotes":""},"wf_page_folders":[38],"class_list":["post-6214","page","type-page","status-publish","hentry"],"_links":{"self":[{"href":"https:\/\/appw.pt\/index.php\/wp-json\/wp\/v2\/pages\/6214","targetHints":{"allow":["GET"]}}],"collection":[{"href":"https:\/\/appw.pt\/index.php\/wp-json\/wp\/v2\/pages"}],"about":[{"href":"https:\/\/appw.pt\/index.php\/wp-json\/wp\/v2\/types\/page"}],"author":[{"embeddable":true,"href":"https:\/\/appw.pt\/index.php\/wp-json\/wp\/v2\/users\/4"}],"replies":[{"embeddable":true,"href":"https:\/\/appw.pt\/index.php\/wp-json\/wp\/v2\/comments?post=6214"}],"version-history":[{"count":38,"href":"https:\/\/appw.pt\/index.php\/wp-json\/wp\/v2\/pages\/6214\/revisions"}],"predecessor-version":[{"id":6359,"href":"https:\/\/appw.pt\/index.php\/wp-json\/wp\/v2\/pages\/6214\/revisions\/6359"}],"wp:attachment":[{"href":"https:\/\/appw.pt\/index.php\/wp-json\/wp\/v2\/media?parent=6214"}],"wp:term":[{"taxonomy":"wf_page_folders","embeddable":true,"href":"https:\/\/appw.pt\/index.php\/wp-json\/wp\/v2\/wf_page_folders?post=6214"}],"curies":[{"name":"wp","href":"https:\/\/api.w.org\/{rel}","templated":true}]}}