{"id":6146,"date":"2025-09-02T23:03:27","date_gmt":"2025-09-02T23:03:27","guid":{"rendered":"https:\/\/appw.pt\/?page_id=6146"},"modified":"2025-09-03T11:44:55","modified_gmt":"2025-09-03T11:44:55","slug":"gala-appw-celebracao-do-dia-internacional-da-sindrome-de-prader-willi","status":"publish","type":"page","link":"https:\/\/appw.pt\/index.php\/gala-appw-celebracao-do-dia-internacional-da-sindrome-de-prader-willi\/","title":{"rendered":"Gala APPW \u2013 Celebra\u00e7\u00e3o do Dia Internacional da S\u00edndrome de Prader-Willi"},"content":{"rendered":"\t\t<div data-elementor-type=\"wp-page\" data-elementor-id=\"6146\" class=\"elementor elementor-6146\">\n\t\t\t\t<div class=\"elementor-element elementor-element-08eeae9 e-flex e-con-boxed e-con e-parent\" data-id=\"08eeae9\" data-element_type=\"container\" data-e-type=\"container\">\r\n\t\t\t\t\t<div class=\"e-con-inner\">\r\n\t\t<div class=\"elementor-element elementor-element-ab3a387 e-con-full e-flex e-con e-child\" data-id=\"ab3a387\" data-element_type=\"container\" data-e-type=\"container\">\r\n\t\t\t\t<div class=\"elementor-element elementor-element-bc18cb0 elementor-invisible elementor-widget elementor-widget-porto_ultimate_heading\" data-id=\"bc18cb0\" data-element_type=\"widget\" data-e-type=\"widget\" data-settings=\"{&quot;_animation&quot;:&quot;fadeIn&quot;}\" data-widget_type=\"porto_ultimate_heading.default\">\n\t\t\t\t<div class=\"elementor-widget-container\">\n\t\t\t\t\t<div class=\"porto-u-heading  porto-u-bd11424de395366805213f3c847c9ae4\"><div class=\"porto-u-sub-heading\" style=\"\"><p style=\"text-align: left;\" data-start=\"261\" data-end=\"664\"><span style=\"color: #000000; font-size: 17px;\">A <span style=\"color: #1c5fa8;\"><strong data-start=\"263\" data-end=\"276\">Gala APPW<\/strong><\/span> \u00e9 um evento anual de grande relev\u00e2ncia, organizado com o apoio da <strong data-start=\"343\" data-end=\"373\">C\u00e2mara Municipal de Sintra<\/strong> e da <strong data-start=\"379\" data-end=\"439\">IPWSO (International Prader-Willi Syndrome Organisation)<\/strong>. Este momento especial surge no \u00e2mbito do <span style=\"color: #1c5fa8;\"><strong data-start=\"482\" data-end=\"531\">Dia Internacional da S\u00edndrome de Prader-Willi<\/strong><\/span>, celebrado a <span style=\"color: #1c5fa8;\"><strong data-start=\"545\" data-end=\"559\">30 de maio<\/strong><\/span>, uma data que une pessoas em todo o mundo em torno da sensibiliza\u00e7\u00e3o para esta condi\u00e7\u00e3o gen\u00e9tica rara.<\/span><\/p><p style=\"text-align: left;\" data-start=\"666\" data-end=\"1041\"><span style=\"color: #000000; font-size: 17px;\">Mais do que uma cerim\u00f3nia, a Gala APPW \u00e9 um <strong data-start=\"710\" data-end=\"762\">encontro de celebra\u00e7\u00e3o, conv\u00edvio e solidariedade<\/strong>, reunindo <strong data-start=\"773\" data-end=\"872\">fam\u00edlias, profissionais de sa\u00fade, parceiros institucionais, volunt\u00e1rios e a comunidade em geral<\/strong>. O ambiente \u00e9 marcado pela <strong data-start=\"900\" data-end=\"963\">alegria, partilha de experi\u00eancias e fortalecimento de la\u00e7os<\/strong>, tornando-se uma ocasi\u00e3o \u00fanica de valoriza\u00e7\u00e3o da inclus\u00e3o e do apo<\/span><\/p><p style=\"text-align: left;\" data-start=\"1556\" data-end=\"1790\"><span style=\"color: #000000; font-size: 17px;\">A <strong><span style=\"color: #1c5fa8;\">Gala APPW<\/span><\/strong> \u00e9, muito mais do que uma celebra\u00e7\u00e3o, \u00e9 um <strong data-start=\"1618\" data-end=\"1653\">s\u00edmbolo de uni\u00e3o e de esperan\u00e7a<\/strong>, que coloca em evid\u00eancia a import\u00e2ncia da <strong data-start=\"1696\" data-end=\"1740\">informa\u00e7\u00e3o, investiga\u00e7\u00e3o e solidariedade<\/strong> para enfrentar os desafios desta condi\u00e7\u00e3o rara.<\/span><\/p><p style=\"text-align: left;\" data-start=\"1792\" data-end=\"2062\"><span style=\"color: #000000; font-size: 17px;\">Com o apoio de entidades locais, nacionais e internacionais, este evento assume-se como um <strong data-start=\"1883\" data-end=\"1926\">marco fundamental no calend\u00e1rio da APPW<\/strong>, refor\u00e7ando o compromisso de <strong data-start=\"1956\" data-end=\"2027\">dar voz \u00e0s fam\u00edlias, promover a inclus\u00e3o e sensibilizar a sociedade<\/strong> para a S\u00edndrome de Prader-Willi.<\/span><\/p><p data-start=\"666\" data-end=\"1041\">\u00a0<\/p><\/div><style>.porto-u-bd11424de395366805213f3c847c9ae4.porto-u-heading{text-align:center}<\/style><\/div>\t\t\t\t<\/div>\n\t\t\t\t<\/div>\n\t\t\t\t<\/div>\n\t\t<div class=\"elementor-element elementor-element-92e3146 e-con-full e-flex e-con e-child\" data-id=\"92e3146\" data-element_type=\"container\" data-e-type=\"container\">\r\n\t\t\t\t<div class=\"elementor-element elementor-element-585196f elementor-widget elementor-widget-video\" data-id=\"585196f\" data-element_type=\"widget\" data-e-type=\"widget\" data-settings=\"{&quot;youtube_url&quot;:&quot;https:\\\/\\\/www.youtube.com\\\/watch?v=kWDb9Bs6BIw&quot;,&quot;video_type&quot;:&quot;youtube&quot;,&quot;controls&quot;:&quot;yes&quot;}\" data-widget_type=\"video.default\">\n\t\t\t\t<div class=\"elementor-widget-container\">\n\t\t\t\t\t\t\t<div class=\"elementor-wrapper elementor-open-inline\">\n\t\t\t<div class=\"elementor-video\"><\/div>\t\t<\/div>\n\t\t\t\t\t\t<\/div>\n\t\t\t\t<\/div>\n\t\t\t\t<\/div>\n\t\t\t\t\t<\/div>\n\t\t\t\t<\/div>\n\t\t<div class=\"elementor-element elementor-element-ebd270c e-flex e-con-boxed e-con e-parent\" data-id=\"ebd270c\" data-element_type=\"container\" data-e-type=\"container\">\r\n\t\t\t\t\t<div class=\"e-con-inner\">\r\n\t\t\t\t<div class=\"elementor-element elementor-element-1acc4a1 elementor-widget elementor-widget-spacer\" data-id=\"1acc4a1\" data-element_type=\"widget\" data-e-type=\"widget\" data-widget_type=\"spacer.default\">\n\t\t\t\t<div class=\"elementor-widget-container\">\n\t\t\t\t\t\t\t<div class=\"elementor-spacer\">\n\t\t\t<div class=\"elementor-spacer-inner\"><\/div>\n\t\t<\/div>\n\t\t\t\t\t\t<\/div>\n\t\t\t\t<\/div>\n\t\t\t\t\t<\/div>\n\t\t\t\t<\/div>\n\t\t<div class=\"elementor-element elementor-element-31175ba e-flex e-con-boxed e-con e-parent\" data-id=\"31175ba\" data-element_type=\"container\" data-e-type=\"container\">\r\n\t\t\t\t\t<div class=\"e-con-inner\">\r\n\t\t\t\t<div class=\"elementor-element elementor-element-ce35f84 elementor-invisible elementor-widget elementor-widget-heading\" data-id=\"ce35f84\" data-element_type=\"widget\" data-e-type=\"widget\" data-settings=\"{&quot;_animation&quot;:&quot;fadeIn&quot;}\" data-widget_type=\"heading.default\">\n\t\t\t\t<div class=\"elementor-widget-container\">\n\t\t\t\t\t<h2 class=\"elementor-heading-title elementor-size-default\">Parceiros<\/h2>\t\t\t\t<\/div>\n\t\t\t\t<\/div>\n\t\t\t\t\t<\/div>\n\t\t\t\t<\/div>\n\t\t<div class=\"elementor-element elementor-element-9c1c3f1 e-flex e-con-boxed e-con e-parent\" data-id=\"9c1c3f1\" data-element_type=\"container\" data-e-type=\"container\">\r\n\t\t\t\t\t<div class=\"e-con-inner\">\r\n\t\t\t\t<div class=\"elementor-element elementor-element-436595c elementor-widget-divider--view-line elementor-invisible elementor-widget elementor-widget-divider\" data-id=\"436595c\" data-element_type=\"widget\" data-e-type=\"widget\" data-settings=\"{&quot;_animation&quot;:&quot;fadeIn&quot;}\" data-widget_type=\"divider.default\">\n\t\t\t\t<div class=\"elementor-widget-container\">\n\t\t\t\t\t\t\t<div class=\"elementor-divider\">\n\t\t\t<span class=\"elementor-divider-separator\">\n\t\t\t\t\t\t<\/span>\n\t\t<\/div>\n\t\t\t\t\t\t<\/div>\n\t\t\t\t<\/div>\n\t\t\t\t\t<\/div>\n\t\t\t\t<\/div>\n\t\t<div class=\"elementor-element elementor-element-199f827 e-flex e-con-boxed e-con e-parent\" data-id=\"199f827\" data-element_type=\"container\" data-e-type=\"container\">\r\n\t\t\t\t\t<div class=\"e-con-inner\">\r\n\t\t\t\t<div class=\"elementor-element elementor-element-f9331be elementor-widget elementor-widget-spacer\" data-id=\"f9331be\" data-element_type=\"widget\" data-e-type=\"widget\" data-widget_type=\"spacer.default\">\n\t\t\t\t<div class=\"elementor-widget-container\">\n\t\t\t\t\t\t\t<div class=\"elementor-spacer\">\n\t\t\t<div class=\"elementor-spacer-inner\"><\/div>\n\t\t<\/div>\n\t\t\t\t\t\t<\/div>\n\t\t\t\t<\/div>\n\t\t\t\t\t<\/div>\n\t\t\t\t<\/div>\n\t\t<div class=\"elementor-element elementor-element-3629cee e-con-full e-flex e-con e-parent\" data-id=\"3629cee\" data-element_type=\"container\" data-e-type=\"container\">\r\n\t\t<div class=\"elementor-element elementor-element-ed3cf7b e-con-full e-flex e-con e-child\" data-id=\"ed3cf7b\" data-element_type=\"container\" data-e-type=\"container\">\r\n\t\t\t\t<div class=\"elementor-element elementor-element-9210e74 elementor-invisible elementor-widget elementor-widget-porto_ultimate_heading\" data-id=\"9210e74\" data-element_type=\"widget\" data-e-type=\"widget\" data-settings=\"{&quot;_animation&quot;:&quot;fadeIn&quot;}\" data-widget_type=\"porto_ultimate_heading.default\">\n\t\t\t\t<div class=\"elementor-widget-container\">\n\t\t\t\t\t<div class=\"porto-u-heading  porto-u-bd11424de395366805213f3c847c9ae4\"><div class=\"porto-u-sub-heading\" style=\"\"><p style=\"text-align: left;\" data-start=\"984\" data-end=\"1243\"><span style=\"font-size: 17px; color: #000000;\">A <span style=\"color: #1c5fa8;\"><strong data-start=\"986\" data-end=\"995\">IPWSO<\/strong><\/span> \u00e9 a organiza\u00e7\u00e3o internacional dedicada \u00e0 S\u00edndrome de Prader-Willi, com representa\u00e7\u00e3o em mais de 100 pa\u00edses. O seu trabalho \u00e9 fundamental na <strong data-start=\"1136\" data-end=\"1177\">investiga\u00e7\u00e3o, forma\u00e7\u00e3o e apoio global<\/strong> a pessoas com a S\u00edndrome de Prader-Willi, \u00e0s suas fam\u00edlias e \u00e0s associa\u00e7\u00f5es nacionais.<\/span><\/p><p style=\"text-align: left;\" data-start=\"1245\" data-end=\"1453\"><span style=\"font-size: 17px; color: #000000;\">A parceria com a <strong><span style=\"color: #1c5fa8;\">APPW<\/span><\/strong> refor\u00e7a a liga\u00e7\u00e3o de Portugal a uma rede internacional de conhecimento, permitindo <strong data-start=\"1350\" data-end=\"1450\">troca de boas pr\u00e1ticas, acesso a informa\u00e7\u00e3o atualizada e fortalecimento do movimento associativo<\/strong>.<\/span><\/p><h3 data-start=\"1455\" data-end=\"1498\">\u00a0<\/h3><\/div><style>.porto-u-bd11424de395366805213f3c847c9ae4.porto-u-heading{text-align:center}<\/style><\/div>\t\t\t\t<\/div>\n\t\t\t\t<\/div>\n\t\t\t\t<\/div>\n\t\t<div class=\"elementor-element elementor-element-10c1e99 e-con-full e-flex e-con e-child\" data-id=\"10c1e99\" data-element_type=\"container\" data-e-type=\"container\">\r\n\t\t\t\t<div class=\"elementor-element elementor-element-0f74303 elementor-invisible elementor-widget elementor-widget-image\" data-id=\"0f74303\" data-element_type=\"widget\" data-e-type=\"widget\" data-settings=\"{&quot;_animation&quot;:&quot;fadeIn&quot;}\" data-widget_type=\"image.default\">\n\t\t\t\t<div class=\"elementor-widget-container\">\n\t\t\t\t\t\t\t\t\t\t\t\t<figure class=\"wp-caption\">\n\t\t\t\t\t\t\t\t\t\t\t<a href=\"https:\/\/ipwso.org\/\" target=\"_blank\">\n\t\t\t\t\t\t\t<img decoding=\"async\" width=\"272\" height=\"106\" src=\"https:\/\/appw.pt\/wp-content\/uploads\/2025\/09\/IPWSO_logo_digital_black.png\" class=\"attachment-large size-large wp-image-6157\" alt=\"\" \/>\t\t\t\t\t\t\t\t<\/a>\n\t\t\t\t\t\t\t\t\t\t\t<figcaption class=\"widget-image-caption wp-caption-text\">clique na imagem para aceder ao site<\/figcaption>\n\t\t\t\t\t\t\t\t\t\t<\/figure>\n\t\t\t\t\t\t\t\t\t<\/div>\n\t\t\t\t<\/div>\n\t\t\t\t<\/div>\n\t\t\t\t<\/div>\n\t\t<div class=\"elementor-element elementor-element-002064f e-flex e-con-boxed e-con e-parent\" data-id=\"002064f\" data-element_type=\"container\" data-e-type=\"container\">\r\n\t\t\t\t\t<div class=\"e-con-inner\">\r\n\t\t\t\t<div class=\"elementor-element elementor-element-546bd53 elementor-widget elementor-widget-spacer\" data-id=\"546bd53\" data-element_type=\"widget\" data-e-type=\"widget\" data-widget_type=\"spacer.default\">\n\t\t\t\t<div class=\"elementor-widget-container\">\n\t\t\t\t\t\t\t<div class=\"elementor-spacer\">\n\t\t\t<div class=\"elementor-spacer-inner\"><\/div>\n\t\t<\/div>\n\t\t\t\t\t\t<\/div>\n\t\t\t\t<\/div>\n\t\t\t\t\t<\/div>\n\t\t\t\t<\/div>\n\t\t<div class=\"elementor-element elementor-element-afb6ce7 e-flex e-con-boxed e-con e-parent\" data-id=\"afb6ce7\" data-element_type=\"container\" data-e-type=\"container\">\r\n\t\t\t\t\t<div class=\"e-con-inner\">\r\n\t\t\t\t<div class=\"elementor-element elementor-element-a82493b elementor-widget elementor-widget-spacer\" data-id=\"a82493b\" data-element_type=\"widget\" data-e-type=\"widget\" data-widget_type=\"spacer.default\">\n\t\t\t\t<div class=\"elementor-widget-container\">\n\t\t\t\t\t\t\t<div class=\"elementor-spacer\">\n\t\t\t<div class=\"elementor-spacer-inner\"><\/div>\n\t\t<\/div>\n\t\t\t\t\t\t<\/div>\n\t\t\t\t<\/div>\n\t\t\t\t\t<\/div>\n\t\t\t\t<\/div>\n\t\t<div class=\"elementor-element elementor-element-b6d54b8 e-flex e-con-boxed e-con e-parent\" data-id=\"b6d54b8\" data-element_type=\"container\" data-e-type=\"container\">\r\n\t\t\t\t\t<div class=\"e-con-inner\">\r\n\t\t<div class=\"elementor-element elementor-element-f37561d e-con-full e-flex e-con e-child\" data-id=\"f37561d\" data-element_type=\"container\" data-e-type=\"container\">\r\n\t\t\t\t<div class=\"elementor-element elementor-element-88f69c5 elementor-widget elementor-widget-porto_ultimate_heading\" data-id=\"88f69c5\" data-element_type=\"widget\" data-e-type=\"widget\" data-widget_type=\"porto_ultimate_heading.default\">\n\t\t\t\t<div class=\"elementor-widget-container\">\n\t\t\t\t\t<div class=\"porto-u-heading  porto-u-bd11424de395366805213f3c847c9ae4\"><div class=\"porto-u-sub-heading\" style=\"\"><p data-start=\"760\" data-end=\"1091\">\u00a0<\/p><p style=\"text-align: left;\" data-start=\"760\" data-end=\"1091\"><span style=\"font-size: 17px; color: #000000;\">A <strong data-start=\"762\" data-end=\"792\">C\u00e2mara Municipal de Sintra<\/strong> tem sido um <strong data-start=\"805\" data-end=\"841\">parceiro estrat\u00e9gico fundamental<\/strong> na realiza\u00e7\u00e3o da<strong><span style=\"color: #1c5fa8;\"> Gala APPW<\/span><\/strong>. O seu envolvimento n\u00e3o se limita ao apoio log\u00edstico: representa tamb\u00e9m um <strong data-start=\"944\" data-end=\"1031\">compromisso claro com a inclus\u00e3o, a solidariedade e a promo\u00e7\u00e3o da qualidade de vida<\/strong> das pessoas com S\u00edndrome de Prader-Willi e suas fam\u00edlias.<\/span><\/p><p style=\"text-align: left;\" data-start=\"1093\" data-end=\"1447\"><span style=\"font-size: 17px; color: #000000;\">Gra\u00e7as ao apoio do Munic\u00edpio, \u00e9 poss\u00edvel criar um espa\u00e7o acolhedor e acess\u00edvel, onde se promove a <strong data-start=\"1191\" data-end=\"1221\">igualdade de oportunidades<\/strong> e se valoriza a <strong data-start=\"1238\" data-end=\"1275\">participa\u00e7\u00e3o de toda a comunidade<\/strong>. Este contributo demonstra como a colabora\u00e7\u00e3o entre associa\u00e7\u00f5es e entidades p\u00fablicas pode transformar a sociedade, tornando-a mais <strong data-start=\"1407\" data-end=\"1444\">consciente, inclusiva e solid\u00e1ria<\/strong>.<\/span><\/p><\/div><style>.porto-u-bd11424de395366805213f3c847c9ae4.porto-u-heading{text-align:center}<\/style><\/div>\t\t\t\t<\/div>\n\t\t\t\t<\/div>\n\t\t\t\t<\/div>\n\t\t<div class=\"elementor-element elementor-element-ebb6d15 e-con-full e-flex e-con e-child\" data-id=\"ebb6d15\" data-element_type=\"container\" data-e-type=\"container\">\r\n\t\t\t\t<div class=\"elementor-element elementor-element-426cf5f elementor-widget elementor-widget-image\" data-id=\"426cf5f\" data-element_type=\"widget\" data-e-type=\"widget\" data-widget_type=\"image.default\">\n\t\t\t\t<div class=\"elementor-widget-container\">\n\t\t\t\t\t\t\t\t\t\t\t\t<figure class=\"wp-caption\">\n\t\t\t\t\t\t\t\t\t\t\t<a href=\"https:\/\/cm-sintra.pt\/\" target=\"_blank\">\n\t\t\t\t\t\t\t<img fetchpriority=\"high\" decoding=\"async\" width=\"1024\" height=\"841\" src=\"https:\/\/appw.pt\/wp-content\/uploads\/2025\/07\/Imagem-WhatsApp-2025-07-23-as-18.32.14_fa0345c2-1024x841.jpg\" class=\"attachment-large size-large wp-image-5050\" alt=\"\" srcset=\"https:\/\/appw.pt\/wp-content\/uploads\/2025\/07\/Imagem-WhatsApp-2025-07-23-as-18.32.14_fa0345c2-1024x841.jpg 1024w, https:\/\/appw.pt\/wp-content\/uploads\/2025\/07\/Imagem-WhatsApp-2025-07-23-as-18.32.14_fa0345c2-768x631.jpg 768w, https:\/\/appw.pt\/wp-content\/uploads\/2025\/07\/Imagem-WhatsApp-2025-07-23-as-18.32.14_fa0345c2-640x526.jpg 640w, https:\/\/appw.pt\/wp-content\/uploads\/2025\/07\/Imagem-WhatsApp-2025-07-23-as-18.32.14_fa0345c2-400x329.jpg 400w, https:\/\/appw.pt\/wp-content\/uploads\/2025\/07\/Imagem-WhatsApp-2025-07-23-as-18.32.14_fa0345c2-367x301.jpg 367w, https:\/\/appw.pt\/wp-content\/uploads\/2025\/07\/Imagem-WhatsApp-2025-07-23-as-18.32.14_fa0345c2-600x493.jpg 600w\" sizes=\"(max-width: 1024px) 100vw, 1024px\" \/>\t\t\t\t\t\t\t\t<\/a>\n\t\t\t\t\t\t\t\t\t\t\t<figcaption class=\"widget-image-caption wp-caption-text\">clique na imagem para aceder ao site<\/figcaption>\n\t\t\t\t\t\t\t\t\t\t<\/figure>\n\t\t\t\t\t\t\t\t\t<\/div>\n\t\t\t\t<\/div>\n\t\t\t\t<\/div>\n\t\t\t\t\t<\/div>\n\t\t\t\t<\/div>\n\t\t<div class=\"elementor-element elementor-element-ec519de e-flex e-con-boxed e-con e-parent\" data-id=\"ec519de\" data-element_type=\"container\" data-e-type=\"container\">\r\n\t\t\t\t\t<div class=\"e-con-inner\">\r\n\t\t\t\t<div class=\"elementor-element elementor-element-095ae02 elementor-widget elementor-widget-spacer\" data-id=\"095ae02\" data-element_type=\"widget\" data-e-type=\"widget\" data-widget_type=\"spacer.default\">\n\t\t\t\t<div class=\"elementor-widget-container\">\n\t\t\t\t\t\t\t<div class=\"elementor-spacer\">\n\t\t\t<div class=\"elementor-spacer-inner\"><\/div>\n\t\t<\/div>\n\t\t\t\t\t\t<\/div>\n\t\t\t\t<\/div>\n\t\t\t\t\t<\/div>\n\t\t\t\t<\/div>\n\t\t\t\t<\/div>\n\t\t","protected":false},"excerpt":{"rendered":"<p>A Gala APPW \u00e9 um evento anual de grande relev\u00e2ncia, organizado com o apoio da C\u00e2mara Municipal de Sintra e da IPWSO (International Prader-Willi Syndrome Organisation). Este momento especial surge no \u00e2mbito do Dia Internacional da S\u00edndrome de Prader-Willi, celebrado a 30 de maio, uma data que une pessoas em todo o mundo em torno [&hellip;]<\/p>\n","protected":false},"author":4,"featured_media":0,"parent":0,"menu_order":0,"comment_status":"closed","ping_status":"closed","template":"","meta":{"footnotes":""},"wf_page_folders":[],"class_list":["post-6146","page","type-page","status-publish","hentry"],"_links":{"self":[{"href":"https:\/\/appw.pt\/index.php\/wp-json\/wp\/v2\/pages\/6146","targetHints":{"allow":["GET"]}}],"collection":[{"href":"https:\/\/appw.pt\/index.php\/wp-json\/wp\/v2\/pages"}],"about":[{"href":"https:\/\/appw.pt\/index.php\/wp-json\/wp\/v2\/types\/page"}],"author":[{"embeddable":true,"href":"https:\/\/appw.pt\/index.php\/wp-json\/wp\/v2\/users\/4"}],"replies":[{"embeddable":true,"href":"https:\/\/appw.pt\/index.php\/wp-json\/wp\/v2\/comments?post=6146"}],"version-history":[{"count":7,"href":"https:\/\/appw.pt\/index.php\/wp-json\/wp\/v2\/pages\/6146\/revisions"}],"predecessor-version":[{"id":6163,"href":"https:\/\/appw.pt\/index.php\/wp-json\/wp\/v2\/pages\/6146\/revisions\/6163"}],"wp:attachment":[{"href":"https:\/\/appw.pt\/index.php\/wp-json\/wp\/v2\/media?parent=6146"}],"wp:term":[{"taxonomy":"wf_page_folders","embeddable":true,"href":"https:\/\/appw.pt\/index.php\/wp-json\/wp\/v2\/wf_page_folders?post=6146"}],"curies":[{"name":"wp","href":"https:\/\/api.w.org\/{rel}","templated":true}]}}