{"id":5865,"date":"2025-08-13T16:35:18","date_gmt":"2025-08-13T16:35:18","guid":{"rendered":"https:\/\/appw.pt\/?page_id=5865"},"modified":"2025-12-04T21:20:22","modified_gmt":"2025-12-04T21:20:22","slug":"escola-para-todos-conhecendo-a-sindrome-deprader-willi","status":"publish","type":"page","link":"https:\/\/appw.pt\/index.php\/escola-para-todos-conhecendo-a-sindrome-deprader-willi\/","title":{"rendered":"Escola para todos &#8211; conhecendo a S\u00edndrome dePrader-Willi"},"content":{"rendered":"\t\t<div data-elementor-type=\"wp-page\" data-elementor-id=\"5865\" class=\"elementor elementor-5865\">\n\t\t\t\t<div class=\"elementor-element elementor-element-627b2cc e-flex e-con-boxed e-con e-parent\" data-id=\"627b2cc\" data-element_type=\"container\" data-e-type=\"container\">\r\n\t\t\t\t\t<div class=\"e-con-inner\">\r\n\t\t\t\t<div class=\"elementor-element elementor-element-28d88b6 elementor-widget elementor-widget-spacer\" data-id=\"28d88b6\" data-element_type=\"widget\" data-e-type=\"widget\" data-widget_type=\"spacer.default\">\n\t\t\t\t<div class=\"elementor-widget-container\">\n\t\t\t\t\t\t\t<div class=\"elementor-spacer\">\n\t\t\t<div class=\"elementor-spacer-inner\"><\/div>\n\t\t<\/div>\n\t\t\t\t\t\t<\/div>\n\t\t\t\t<\/div>\n\t\t\t\t\t<\/div>\n\t\t\t\t<\/div>\n\t\t<div class=\"elementor-element elementor-element-d64e2c1 e-flex e-con-boxed e-con e-parent\" data-id=\"d64e2c1\" data-element_type=\"container\" data-e-type=\"container\">\r\n\t\t\t\t\t<div class=\"e-con-inner\">\r\n\t\t<div class=\"elementor-element elementor-element-2fbd1bc e-con-full e-flex e-con e-child\" data-id=\"2fbd1bc\" data-element_type=\"container\" data-e-type=\"container\">\r\n\t\t\t\t<div class=\"elementor-element elementor-element-cddf3bf elementor-widget__width-initial elementor-widget elementor-widget-porto_ultimate_heading\" data-id=\"cddf3bf\" data-element_type=\"widget\" data-e-type=\"widget\" data-widget_type=\"porto_ultimate_heading.default\">\n\t\t\t\t<div class=\"elementor-widget-container\">\n\t\t\t\t\t<div class=\"porto-u-heading  porto-u-bd11424de395366805213f3c847c9ae4\"><div class=\"porto-u-sub-heading\" style=\"\"><p style=\"text-align: left;\"><span style=\"font-size: 17px;\"><span style=\"color: #000000;\">A inclus\u00e3o come\u00e7a pelo conhecimento. O projeto<\/span> <span style=\"color: #1c5fa8;\"><strong data-start=\"210\" data-end=\"271\">Escola para Todos \u2013 Conhecendo a S\u00edndrome de Prader-Willi<\/strong><\/span> <span style=\"color: #000000;\">surge como uma resposta \u00e0 necessidade de formar e sensibilizar a comunidade escolar para compreender e apoiar melhor alunos com esta condi\u00e7\u00e3o rara. Ao promover informa\u00e7\u00e3o acess\u00edvel e estrat\u00e9gias adequadas, pretende-se criar um ambiente educativo mais inclusivo, emp\u00e1tico e preparado para responder \u00e0s necessidades de todos.<\/span><\/span><\/p><\/div><style>.porto-u-bd11424de395366805213f3c847c9ae4.porto-u-heading{text-align:center}<\/style><\/div>\t\t\t\t<\/div>\n\t\t\t\t<\/div>\n\t\t\t\t<\/div>\n\t\t<div class=\"elementor-element elementor-element-8a3dc8e e-con-full e-flex e-con e-child\" data-id=\"8a3dc8e\" data-element_type=\"container\" data-e-type=\"container\">\r\n\t\t\t\t<div class=\"elementor-element elementor-element-1118e9c elementor-widget elementor-widget-video\" data-id=\"1118e9c\" data-element_type=\"widget\" data-e-type=\"widget\" data-settings=\"{&quot;youtube_url&quot;:&quot;https:\\\/\\\/youtu.be\\\/hPIgLQcVSGc&quot;,&quot;video_type&quot;:&quot;youtube&quot;,&quot;controls&quot;:&quot;yes&quot;}\" data-widget_type=\"video.default\">\n\t\t\t\t<div class=\"elementor-widget-container\">\n\t\t\t\t\t\t\t<div class=\"elementor-wrapper elementor-open-inline\">\n\t\t\t<div class=\"elementor-video\"><\/div>\t\t<\/div>\n\t\t\t\t\t\t<\/div>\n\t\t\t\t<\/div>\n\t\t\t\t<\/div>\n\t\t\t\t\t<\/div>\n\t\t\t\t<\/div>\n\t\t<div class=\"elementor-element elementor-element-27e0a8c e-flex e-con-boxed e-con e-parent\" data-id=\"27e0a8c\" data-element_type=\"container\" data-e-type=\"container\">\r\n\t\t\t\t\t<div class=\"e-con-inner\">\r\n\t\t\t\t<div class=\"elementor-element elementor-element-5bae81e elementor-widget elementor-widget-spacer\" data-id=\"5bae81e\" data-element_type=\"widget\" data-e-type=\"widget\" data-widget_type=\"spacer.default\">\n\t\t\t\t<div class=\"elementor-widget-container\">\n\t\t\t\t\t\t\t<div class=\"elementor-spacer\">\n\t\t\t<div class=\"elementor-spacer-inner\"><\/div>\n\t\t<\/div>\n\t\t\t\t\t\t<\/div>\n\t\t\t\t<\/div>\n\t\t\t\t\t<\/div>\n\t\t\t\t<\/div>\n\t\t<div class=\"elementor-element elementor-element-1436363 e-flex e-con-boxed e-con e-parent\" data-id=\"1436363\" data-element_type=\"container\" data-e-type=\"container\">\r\n\t\t\t\t\t<div class=\"e-con-inner\">\r\n\t\t\t\t<div class=\"elementor-element elementor-element-774f014 elementor-widget elementor-widget-heading\" data-id=\"774f014\" data-element_type=\"widget\" data-e-type=\"widget\" data-widget_type=\"heading.default\">\n\t\t\t\t<div class=\"elementor-widget-container\">\n\t\t\t\t\t<h2 class=\"elementor-heading-title elementor-size-default\">Conhecer para acolher<\/h2>\t\t\t\t<\/div>\n\t\t\t\t<\/div>\n\t\t\t\t\t<\/div>\n\t\t\t\t<\/div>\n\t\t<div class=\"elementor-element elementor-element-b74cc3e e-flex e-con-boxed e-con e-parent\" data-id=\"b74cc3e\" data-element_type=\"container\" data-e-type=\"container\">\r\n\t\t\t\t\t<div class=\"e-con-inner\">\r\n\t\t\t\t<div class=\"elementor-element elementor-element-879f2d7 elementor-widget-divider--view-line elementor-widget elementor-widget-divider\" data-id=\"879f2d7\" data-element_type=\"widget\" data-e-type=\"widget\" data-widget_type=\"divider.default\">\n\t\t\t\t<div class=\"elementor-widget-container\">\n\t\t\t\t\t\t\t<div class=\"elementor-divider\">\n\t\t\t<span class=\"elementor-divider-separator\">\n\t\t\t\t\t\t<\/span>\n\t\t<\/div>\n\t\t\t\t\t\t<\/div>\n\t\t\t\t<\/div>\n\t\t\t\t\t<\/div>\n\t\t\t\t<\/div>\n\t\t<div class=\"elementor-element elementor-element-36a9012 e-flex e-con-boxed e-con e-parent\" data-id=\"36a9012\" data-element_type=\"container\" data-e-type=\"container\">\r\n\t\t\t\t\t<div class=\"e-con-inner\">\r\n\t\t\t\t<div class=\"elementor-element elementor-element-54ce972 elementor-widget elementor-widget-spacer\" data-id=\"54ce972\" data-element_type=\"widget\" data-e-type=\"widget\" data-widget_type=\"spacer.default\">\n\t\t\t\t<div class=\"elementor-widget-container\">\n\t\t\t\t\t\t\t<div class=\"elementor-spacer\">\n\t\t\t<div class=\"elementor-spacer-inner\"><\/div>\n\t\t<\/div>\n\t\t\t\t\t\t<\/div>\n\t\t\t\t<\/div>\n\t\t\t\t\t<\/div>\n\t\t\t\t<\/div>\n\t\t<div class=\"elementor-element elementor-element-5e84810 e-con-full e-flex e-con e-parent\" data-id=\"5e84810\" data-element_type=\"container\" data-e-type=\"container\">\r\n\t\t<div class=\"elementor-element elementor-element-8cff205 e-con-full e-flex e-con e-child\" data-id=\"8cff205\" data-element_type=\"container\" data-e-type=\"container\">\r\n\t\t\t\t<div class=\"elementor-element elementor-element-8ef98e7 elementor-widget elementor-widget-porto_ultimate_heading\" data-id=\"8ef98e7\" data-element_type=\"widget\" data-e-type=\"widget\" data-widget_type=\"porto_ultimate_heading.default\">\n\t\t\t\t<div class=\"elementor-widget-container\">\n\t\t\t\t\t<div class=\"porto-u-heading  porto-u-bd11424de395366805213f3c847c9ae4\"><div class=\"porto-u-sub-heading\" style=\"\"><p style=\"text-align: left;\"><strong><span style=\"font-size: 18px; color: #1c5fa8;\">Objetivo geral<\/span><\/strong><\/p><ul><li style=\"text-align: left;\"><span style=\"font-size: 17px; color: #000000;\">Sensibilizar e capacitar a comunidade escolar para compreender e apoiar alunos com S\u00edndrome de Prader-Willi, promovendo inclus\u00e3o e empatia.<\/span><\/li><\/ul><p style=\"text-align: left;\" data-start=\"271\" data-end=\"298\"><span style=\"font-size: 17px; color: #1c5fa8;\"><strong data-start=\"271\" data-end=\"296\">Objetivos Espec\u00edficos<\/strong><\/span><\/p><ul style=\"text-align: left;\" data-start=\"299\" data-end=\"522\"><li data-start=\"299\" data-end=\"363\"><p data-start=\"301\" data-end=\"363\"><span style=\"font-size: 17px; color: #000000;\">Aumentar o conhecimento sobre a s\u00edndrome e os seus desafios.<\/span><\/p><\/li><li data-start=\"364\" data-end=\"430\"><p data-start=\"366\" data-end=\"430\"><span style=\"font-size: 17px; color: #000000;\">Desenvolver compet\u00eancias para lidar com situa\u00e7\u00f5es espec\u00edficas.<\/span><\/p><\/li><li data-start=\"431\" data-end=\"484\"><p data-start=\"433\" data-end=\"484\"><span style=\"font-size: 17px; color: #000000;\">Incentivar pr\u00e1ticas inclusivas e apoio emocional.<\/span><\/p><\/li><li data-start=\"485\" data-end=\"522\"><p data-start=\"487\" data-end=\"522\"><span style=\"font-size: 17px; color: #000000;\">Combater estigmas e preconceitos.<\/span><\/p><\/li><\/ul><p style=\"text-align: left;\" data-start=\"524\" data-end=\"550\"><span style=\"font-size: 17px; color: #1c5fa8;\"><strong data-start=\"524\" data-end=\"548\">Atividades Previstas<\/strong><\/span><\/p><ul style=\"text-align: left;\" data-start=\"551\" data-end=\"789\"><li data-start=\"551\" data-end=\"591\"><p data-start=\"553\" data-end=\"591\"><span style=\"font-size: 17px; color: #000000;\">Forma\u00e7\u00e3o para docentes e auxiliares.<\/span><\/p><\/li><li data-start=\"592\" data-end=\"649\"><p data-start=\"594\" data-end=\"649\"><span style=\"font-size: 17px; color: #000000;\">Palestras e workshops para diferentes faixas et\u00e1rias.<\/span><\/p><\/li><li data-start=\"650\" data-end=\"693\"><p data-start=\"652\" data-end=\"693\"><span style=\"font-size: 17px; color: #000000;\">Distribui\u00e7\u00e3o de materiais informativos.<\/span><\/p><\/li><li data-start=\"694\" data-end=\"738\"><p data-start=\"696\" data-end=\"738\"><span style=\"font-size: 17px; color: #000000;\">Testemunhos de fam\u00edlias e especialistas.<\/span><\/p><\/li><li data-start=\"739\" data-end=\"789\"><p data-start=\"741\" data-end=\"789\"><span style=\"font-size: 17px; color: #000000;\">Elabora\u00e7\u00e3o de planos de apoio individualizado.<\/span><\/p><\/li><\/ul><p style=\"text-align: left;\" data-start=\"791\" data-end=\"813\"><span style=\"font-size: 17px; color: #1c5fa8;\"><strong data-start=\"791\" data-end=\"811\">Impacto Esperado<\/strong><\/span><\/p><ul data-start=\"814\" data-end=\"982\"><li style=\"text-align: left;\" data-start=\"814\" data-end=\"863\"><p data-start=\"816\" data-end=\"863\"><span style=\"font-size: 17px; color: #000000;\">Maior compreens\u00e3o e aceita\u00e7\u00e3o da diversidade.<\/span><\/p><\/li><li style=\"text-align: left;\" data-start=\"864\" data-end=\"915\"><p data-start=\"866\" data-end=\"915\"><span style=\"font-size: 17px; color: #000000;\">Melhor integra\u00e7\u00e3o e sucesso escolar dos alunos.<\/span><\/p><\/li><li data-start=\"916\" data-end=\"982\"><p style=\"text-align: left;\" data-start=\"918\" data-end=\"982\"><span style=\"font-size: 17px; color: #000000;\">Fortalecimento da liga\u00e7\u00e3o entre escola, fam\u00edlias e comunidade.<\/span><\/p><\/li><\/ul><\/div><style>.porto-u-bd11424de395366805213f3c847c9ae4.porto-u-heading{text-align:center}<\/style><\/div>\t\t\t\t<\/div>\n\t\t\t\t<\/div>\n\t\t\t\t<\/div>\n\t\t<div class=\"elementor-element elementor-element-cb3a26d e-con-full e-flex e-con e-child\" data-id=\"cb3a26d\" data-element_type=\"container\" data-e-type=\"container\">\r\n\t\t\t\t<div class=\"elementor-element elementor-element-95cd889 elementor-widget elementor-widget-porto_image_gallery\" data-id=\"95cd889\" data-element_type=\"widget\" data-e-type=\"widget\" data-settings=\"{&quot;view&quot;:&quot;slider&quot;,&quot;spacing&quot;:{&quot;unit&quot;:&quot;px&quot;,&quot;size&quot;:&quot;&quot;,&quot;sizes&quot;:[]}}\" data-widget_type=\"porto_image_gallery.default\">\n\t\t\t\t<div class=\"elementor-widget-container\">\n\t\t\t\t\t<div class=\"porto-gallery has-ccols ccols-1 porto-carousel owl-carousel align-items-start\" data-plugin-options=\"{&quot;autoplayTimeout&quot;:0,&quot;items&quot;:1,&quot;xl&quot;:1,&quot;lg&quot;:1,&quot;md&quot;:1,&quot;sm&quot;:1,&quot;xs&quot;:1,&quot;nav&quot;:&quot;yes&quot;,&quot;dots&quot;:&quot;&quot;}\"><figure><img fetchpriority=\"high\" decoding=\"async\" width=\"1643\" height=\"1500\" src=\"https:\/\/appw.pt\/wp-content\/uploads\/2025\/08\/escola-inclusiva-3.jpeg\" class=\"attachment-full size-full\" alt=\"\" srcset=\"https:\/\/appw.pt\/wp-content\/uploads\/2025\/08\/escola-inclusiva-3.jpeg 1643w, https:\/\/appw.pt\/wp-content\/uploads\/2025\/08\/escola-inclusiva-3-1024x935.jpeg 1024w, https:\/\/appw.pt\/wp-content\/uploads\/2025\/08\/escola-inclusiva-3-768x701.jpeg 768w, https:\/\/appw.pt\/wp-content\/uploads\/2025\/08\/escola-inclusiva-3-1536x1402.jpeg 1536w, https:\/\/appw.pt\/wp-content\/uploads\/2025\/08\/escola-inclusiva-3-640x584.jpeg 640w, https:\/\/appw.pt\/wp-content\/uploads\/2025\/08\/escola-inclusiva-3-400x365.jpeg 400w, https:\/\/appw.pt\/wp-content\/uploads\/2025\/08\/escola-inclusiva-3-367x335.jpeg 367w, https:\/\/appw.pt\/wp-content\/uploads\/2025\/08\/escola-inclusiva-3-600x548.jpeg 600w\" sizes=\"(max-width: 1643px) 100vw, 1643px\" \/><\/figure><figure><img decoding=\"async\" width=\"2048\" height=\"1155\" src=\"https:\/\/appw.pt\/wp-content\/uploads\/2025\/08\/IMG-20250813-WA0014.jpg\" class=\"attachment-full size-full\" alt=\"\" srcset=\"https:\/\/appw.pt\/wp-content\/uploads\/2025\/08\/IMG-20250813-WA0014.jpg 2048w, https:\/\/appw.pt\/wp-content\/uploads\/2025\/08\/IMG-20250813-WA0014-1024x578.jpg 1024w, https:\/\/appw.pt\/wp-content\/uploads\/2025\/08\/IMG-20250813-WA0014-768x433.jpg 768w, https:\/\/appw.pt\/wp-content\/uploads\/2025\/08\/IMG-20250813-WA0014-1536x866.jpg 1536w, https:\/\/appw.pt\/wp-content\/uploads\/2025\/08\/IMG-20250813-WA0014-640x361.jpg 640w, https:\/\/appw.pt\/wp-content\/uploads\/2025\/08\/IMG-20250813-WA0014-400x226.jpg 400w, https:\/\/appw.pt\/wp-content\/uploads\/2025\/08\/IMG-20250813-WA0014-367x207.jpg 367w, https:\/\/appw.pt\/wp-content\/uploads\/2025\/08\/IMG-20250813-WA0014-600x338.jpg 600w\" sizes=\"(max-width: 2048px) 100vw, 2048px\" \/><\/figure><figure><img decoding=\"async\" width=\"1024\" height=\"577\" src=\"https:\/\/appw.pt\/wp-content\/uploads\/2025\/08\/WhatsApp-Image-2024-10-31-at-18.18.19-8.jpeg\" class=\"attachment-full size-full\" alt=\"\" srcset=\"https:\/\/appw.pt\/wp-content\/uploads\/2025\/08\/WhatsApp-Image-2024-10-31-at-18.18.19-8.jpeg 1024w, https:\/\/appw.pt\/wp-content\/uploads\/2025\/08\/WhatsApp-Image-2024-10-31-at-18.18.19-8-768x433.jpeg 768w, https:\/\/appw.pt\/wp-content\/uploads\/2025\/08\/WhatsApp-Image-2024-10-31-at-18.18.19-8-640x361.jpeg 640w, https:\/\/appw.pt\/wp-content\/uploads\/2025\/08\/WhatsApp-Image-2024-10-31-at-18.18.19-8-400x225.jpeg 400w, https:\/\/appw.pt\/wp-content\/uploads\/2025\/08\/WhatsApp-Image-2024-10-31-at-18.18.19-8-367x207.jpeg 367w, https:\/\/appw.pt\/wp-content\/uploads\/2025\/08\/WhatsApp-Image-2024-10-31-at-18.18.19-8-600x338.jpeg 600w\" sizes=\"(max-width: 1024px) 100vw, 1024px\" \/><\/figure><figure><img loading=\"lazy\" decoding=\"async\" width=\"2048\" height=\"1155\" src=\"https:\/\/appw.pt\/wp-content\/uploads\/2025\/08\/IMG-20250813-WA0013.jpg\" class=\"attachment-full size-full\" alt=\"\" srcset=\"https:\/\/appw.pt\/wp-content\/uploads\/2025\/08\/IMG-20250813-WA0013.jpg 2048w, https:\/\/appw.pt\/wp-content\/uploads\/2025\/08\/IMG-20250813-WA0013-1024x578.jpg 1024w, https:\/\/appw.pt\/wp-content\/uploads\/2025\/08\/IMG-20250813-WA0013-768x433.jpg 768w, https:\/\/appw.pt\/wp-content\/uploads\/2025\/08\/IMG-20250813-WA0013-1536x866.jpg 1536w, https:\/\/appw.pt\/wp-content\/uploads\/2025\/08\/IMG-20250813-WA0013-640x361.jpg 640w, https:\/\/appw.pt\/wp-content\/uploads\/2025\/08\/IMG-20250813-WA0013-400x226.jpg 400w, https:\/\/appw.pt\/wp-content\/uploads\/2025\/08\/IMG-20250813-WA0013-367x207.jpg 367w, https:\/\/appw.pt\/wp-content\/uploads\/2025\/08\/IMG-20250813-WA0013-600x338.jpg 600w\" sizes=\"(max-width: 2048px) 100vw, 2048px\" \/><\/figure><figure><img loading=\"lazy\" decoding=\"async\" width=\"2048\" height=\"1155\" src=\"https:\/\/appw.pt\/wp-content\/uploads\/2025\/08\/WhatsApp-Image-2024-10-31-at-18.27.58-1.jpeg\" class=\"attachment-full size-full\" alt=\"\" srcset=\"https:\/\/appw.pt\/wp-content\/uploads\/2025\/08\/WhatsApp-Image-2024-10-31-at-18.27.58-1.jpeg 2048w, https:\/\/appw.pt\/wp-content\/uploads\/2025\/08\/WhatsApp-Image-2024-10-31-at-18.27.58-1-1024x578.jpeg 1024w, https:\/\/appw.pt\/wp-content\/uploads\/2025\/08\/WhatsApp-Image-2024-10-31-at-18.27.58-1-768x433.jpeg 768w, https:\/\/appw.pt\/wp-content\/uploads\/2025\/08\/WhatsApp-Image-2024-10-31-at-18.27.58-1-1536x866.jpeg 1536w, https:\/\/appw.pt\/wp-content\/uploads\/2025\/08\/WhatsApp-Image-2024-10-31-at-18.27.58-1-640x361.jpeg 640w, https:\/\/appw.pt\/wp-content\/uploads\/2025\/08\/WhatsApp-Image-2024-10-31-at-18.27.58-1-400x226.jpeg 400w, https:\/\/appw.pt\/wp-content\/uploads\/2025\/08\/WhatsApp-Image-2024-10-31-at-18.27.58-1-367x207.jpeg 367w, https:\/\/appw.pt\/wp-content\/uploads\/2025\/08\/WhatsApp-Image-2024-10-31-at-18.27.58-1-600x338.jpeg 600w\" sizes=\"(max-width: 2048px) 100vw, 2048px\" \/><\/figure><figure><img loading=\"lazy\" decoding=\"async\" width=\"1024\" height=\"577\" src=\"https:\/\/appw.pt\/wp-content\/uploads\/2025\/08\/WhatsApp-Image-2024-10-31-at-18.18.19-3.jpeg\" class=\"attachment-full size-full\" alt=\"\" srcset=\"https:\/\/appw.pt\/wp-content\/uploads\/2025\/08\/WhatsApp-Image-2024-10-31-at-18.18.19-3.jpeg 1024w, https:\/\/appw.pt\/wp-content\/uploads\/2025\/08\/WhatsApp-Image-2024-10-31-at-18.18.19-3-768x433.jpeg 768w, https:\/\/appw.pt\/wp-content\/uploads\/2025\/08\/WhatsApp-Image-2024-10-31-at-18.18.19-3-640x361.jpeg 640w, https:\/\/appw.pt\/wp-content\/uploads\/2025\/08\/WhatsApp-Image-2024-10-31-at-18.18.19-3-400x225.jpeg 400w, https:\/\/appw.pt\/wp-content\/uploads\/2025\/08\/WhatsApp-Image-2024-10-31-at-18.18.19-3-367x207.jpeg 367w, https:\/\/appw.pt\/wp-content\/uploads\/2025\/08\/WhatsApp-Image-2024-10-31-at-18.18.19-3-600x338.jpeg 600w\" sizes=\"(max-width: 1024px) 100vw, 1024px\" \/><\/figure><figure><img loading=\"lazy\" decoding=\"async\" width=\"1600\" height=\"1200\" src=\"https:\/\/appw.pt\/wp-content\/uploads\/2025\/08\/IMG-20250813-WA0015.jpg\" class=\"attachment-full size-full\" alt=\"\" srcset=\"https:\/\/appw.pt\/wp-content\/uploads\/2025\/08\/IMG-20250813-WA0015.jpg 1600w, https:\/\/appw.pt\/wp-content\/uploads\/2025\/08\/IMG-20250813-WA0015-1024x768.jpg 1024w, https:\/\/appw.pt\/wp-content\/uploads\/2025\/08\/IMG-20250813-WA0015-768x576.jpg 768w, https:\/\/appw.pt\/wp-content\/uploads\/2025\/08\/IMG-20250813-WA0015-1536x1152.jpg 1536w, https:\/\/appw.pt\/wp-content\/uploads\/2025\/08\/IMG-20250813-WA0015-463x348.jpg 463w, https:\/\/appw.pt\/wp-content\/uploads\/2025\/08\/IMG-20250813-WA0015-640x480.jpg 640w, https:\/\/appw.pt\/wp-content\/uploads\/2025\/08\/IMG-20250813-WA0015-400x300.jpg 400w, https:\/\/appw.pt\/wp-content\/uploads\/2025\/08\/IMG-20250813-WA0015-367x275.jpg 367w, https:\/\/appw.pt\/wp-content\/uploads\/2025\/08\/IMG-20250813-WA0015-600x450.jpg 600w\" sizes=\"(max-width: 1600px) 100vw, 1600px\" \/><\/figure><figure><img loading=\"lazy\" decoding=\"async\" width=\"1600\" height=\"1200\" src=\"https:\/\/appw.pt\/wp-content\/uploads\/2025\/08\/IMG-20250813-WA0016.jpg\" class=\"attachment-full size-full\" alt=\"\" srcset=\"https:\/\/appw.pt\/wp-content\/uploads\/2025\/08\/IMG-20250813-WA0016.jpg 1600w, https:\/\/appw.pt\/wp-content\/uploads\/2025\/08\/IMG-20250813-WA0016-1024x768.jpg 1024w, https:\/\/appw.pt\/wp-content\/uploads\/2025\/08\/IMG-20250813-WA0016-768x576.jpg 768w, https:\/\/appw.pt\/wp-content\/uploads\/2025\/08\/IMG-20250813-WA0016-1536x1152.jpg 1536w, https:\/\/appw.pt\/wp-content\/uploads\/2025\/08\/IMG-20250813-WA0016-463x348.jpg 463w, https:\/\/appw.pt\/wp-content\/uploads\/2025\/08\/IMG-20250813-WA0016-640x480.jpg 640w, https:\/\/appw.pt\/wp-content\/uploads\/2025\/08\/IMG-20250813-WA0016-400x300.jpg 400w, https:\/\/appw.pt\/wp-content\/uploads\/2025\/08\/IMG-20250813-WA0016-367x275.jpg 367w, https:\/\/appw.pt\/wp-content\/uploads\/2025\/08\/IMG-20250813-WA0016-600x450.jpg 600w\" sizes=\"(max-width: 1600px) 100vw, 1600px\" \/><\/figure><figure><img loading=\"lazy\" decoding=\"async\" width=\"1440\" height=\"1440\" src=\"https:\/\/appw.pt\/wp-content\/uploads\/2025\/08\/IMG-20250813-WA0012.jpg\" class=\"attachment-full size-full\" alt=\"\" srcset=\"https:\/\/appw.pt\/wp-content\/uploads\/2025\/08\/IMG-20250813-WA0012.jpg 1440w, https:\/\/appw.pt\/wp-content\/uploads\/2025\/08\/IMG-20250813-WA0012-1024x1024.jpg 1024w, https:\/\/appw.pt\/wp-content\/uploads\/2025\/08\/IMG-20250813-WA0012-768x768.jpg 768w, https:\/\/appw.pt\/wp-content\/uploads\/2025\/08\/IMG-20250813-WA0012-640x640.jpg 640w, https:\/\/appw.pt\/wp-content\/uploads\/2025\/08\/IMG-20250813-WA0012-400x400.jpg 400w, https:\/\/appw.pt\/wp-content\/uploads\/2025\/08\/IMG-20250813-WA0012-560x560.jpg 560w, https:\/\/appw.pt\/wp-content\/uploads\/2025\/08\/IMG-20250813-WA0012-367x367.jpg 367w, https:\/\/appw.pt\/wp-content\/uploads\/2025\/08\/IMG-20250813-WA0012-600x600.jpg 600w\" sizes=\"(max-width: 1440px) 100vw, 1440px\" \/><\/figure><figure><img loading=\"lazy\" decoding=\"async\" width=\"1440\" height=\"1440\" src=\"https:\/\/appw.pt\/wp-content\/uploads\/2025\/08\/IMG-20250813-WA0011.jpg\" class=\"attachment-full size-full\" alt=\"\" srcset=\"https:\/\/appw.pt\/wp-content\/uploads\/2025\/08\/IMG-20250813-WA0011.jpg 1440w, https:\/\/appw.pt\/wp-content\/uploads\/2025\/08\/IMG-20250813-WA0011-1024x1024.jpg 1024w, https:\/\/appw.pt\/wp-content\/uploads\/2025\/08\/IMG-20250813-WA0011-768x768.jpg 768w, https:\/\/appw.pt\/wp-content\/uploads\/2025\/08\/IMG-20250813-WA0011-640x640.jpg 640w, https:\/\/appw.pt\/wp-content\/uploads\/2025\/08\/IMG-20250813-WA0011-400x400.jpg 400w, https:\/\/appw.pt\/wp-content\/uploads\/2025\/08\/IMG-20250813-WA0011-560x560.jpg 560w, https:\/\/appw.pt\/wp-content\/uploads\/2025\/08\/IMG-20250813-WA0011-367x367.jpg 367w, https:\/\/appw.pt\/wp-content\/uploads\/2025\/08\/IMG-20250813-WA0011-600x600.jpg 600w\" sizes=\"(max-width: 1440px) 100vw, 1440px\" \/><\/figure><\/div>\t\t\t\t<\/div>\n\t\t\t\t<\/div>\n\t\t\t\t<\/div>\n\t\t\t\t<\/div>\n\t\t<div class=\"elementor-element elementor-element-a9e2ffb e-flex e-con-boxed e-con e-parent\" data-id=\"a9e2ffb\" data-element_type=\"container\" data-e-type=\"container\">\r\n\t\t\t\t\t<div class=\"e-con-inner\">\r\n\t\t\t\t<div class=\"elementor-element elementor-element-25b07fd elementor-widget elementor-widget-spacer\" data-id=\"25b07fd\" data-element_type=\"widget\" data-e-type=\"widget\" data-widget_type=\"spacer.default\">\n\t\t\t\t<div class=\"elementor-widget-container\">\n\t\t\t\t\t\t\t<div class=\"elementor-spacer\">\n\t\t\t<div class=\"elementor-spacer-inner\"><\/div>\n\t\t<\/div>\n\t\t\t\t\t\t<\/div>\n\t\t\t\t<\/div>\n\t\t\t\t\t<\/div>\n\t\t\t\t<\/div>\n\t\t<div class=\"elementor-element elementor-element-f6188ea e-flex e-con-boxed e-con e-parent\" data-id=\"f6188ea\" data-element_type=\"container\" data-e-type=\"container\">\r\n\t\t\t\t\t<div class=\"e-con-inner\">\r\n\t\t\t\t<div class=\"elementor-element elementor-element-bdf20b7 elementor-invisible elementor-widget elementor-widget-heading\" data-id=\"bdf20b7\" data-element_type=\"widget\" data-e-type=\"widget\" data-settings=\"{&quot;_animation&quot;:&quot;fadeIn&quot;}\" data-widget_type=\"heading.default\">\n\t\t\t\t<div class=\"elementor-widget-container\">\n\t\t\t\t\t<h2 class=\"elementor-heading-title elementor-size-default\">Simpatia vs. Empatia na Inclus\u00e3o Escolar<\/h2>\t\t\t\t<\/div>\n\t\t\t\t<\/div>\n\t\t\t\t\t<\/div>\n\t\t\t\t<\/div>\n\t\t<div class=\"elementor-element elementor-element-f720abb e-flex e-con-boxed e-con e-parent\" data-id=\"f720abb\" data-element_type=\"container\" data-e-type=\"container\">\r\n\t\t\t\t\t<div class=\"e-con-inner\">\r\n\t\t\t\t<div class=\"elementor-element elementor-element-1ee7e21 elementor-widget-divider--view-line elementor-invisible elementor-widget elementor-widget-divider\" data-id=\"1ee7e21\" data-element_type=\"widget\" data-e-type=\"widget\" data-settings=\"{&quot;_animation&quot;:&quot;fadeIn&quot;}\" data-widget_type=\"divider.default\">\n\t\t\t\t<div class=\"elementor-widget-container\">\n\t\t\t\t\t\t\t<div class=\"elementor-divider\">\n\t\t\t<span class=\"elementor-divider-separator\">\n\t\t\t\t\t\t<\/span>\n\t\t<\/div>\n\t\t\t\t\t\t<\/div>\n\t\t\t\t<\/div>\n\t\t\t\t\t<\/div>\n\t\t\t\t<\/div>\n\t\t<div class=\"elementor-element elementor-element-e52fe02 e-flex e-con-boxed e-con e-parent\" data-id=\"e52fe02\" data-element_type=\"container\" data-e-type=\"container\">\r\n\t\t\t\t\t<div class=\"e-con-inner\">\r\n\t\t<div class=\"elementor-element elementor-element-9f81cb8 e-con-full e-flex e-con e-child\" data-id=\"9f81cb8\" data-element_type=\"container\" data-e-type=\"container\">\r\n\t\t\t\t<div class=\"elementor-element elementor-element-49d9edc elementor-widget__width-initial elementor-widget elementor-widget-porto_ultimate_heading\" data-id=\"49d9edc\" data-element_type=\"widget\" data-e-type=\"widget\" data-widget_type=\"porto_ultimate_heading.default\">\n\t\t\t\t<div class=\"elementor-widget-container\">\n\t\t\t\t\t<div class=\"porto-u-heading  porto-u-bd11424de395366805213f3c847c9ae4\"><div class=\"porto-u-sub-heading\" style=\"\"><p style=\"text-align: left;\" data-start=\"191\" data-end=\"412\"><span style=\"color: #000000; font-size: 17px;\">No contexto escolar, <span style=\"color: #1c5fa8;\"><strong data-start=\"212\" data-end=\"224\">simpatia<\/strong><\/span> \u00e9 sentir pena ou demonstrar gentileza perante as dificuldades de algu\u00e9m. J\u00e1 a<span style=\"color: #1c5fa8;\"> <strong data-start=\"303\" data-end=\"314\">empatia<\/strong><\/span> vai mais longe: \u00e9 compreender, colocar-se no lugar do outro e agir para apoiar de forma eficaz.<\/span><\/p><p style=\"text-align: left;\" data-start=\"414\" data-end=\"690\"><span style=\"color: #000000; font-size: 17px;\">Quando falamos da <span style=\"color: #1c5fa8;\"><strong data-start=\"432\" data-end=\"460\">S\u00edndrome de Prader-Willi<\/strong><\/span>, a empatia torna-se essencial. Compreender as necessidades e desafios destes alunos n\u00e3o significa apenas oferecer palavras de conforto, mas tamb\u00e9m <strong data-start=\"608\" data-end=\"687\">adaptar pr\u00e1ticas, criar estrat\u00e9gias de apoio e promover verdadeira inclus\u00e3o<\/strong>.<\/span><\/p><p style=\"text-align: left;\" data-start=\"692\" data-end=\"979\"><span style=\"color: #000000; font-size: 17px;\">O projeto<span style=\"color: #1c5fa8;\"> <strong data-start=\"702\" data-end=\"765\">\"Escola para Todos \u2013 Conhecendo a S\u00edndrome de Prader-Willi\"<\/strong><\/span>, desenvolvido pela a <span style=\"color: #1c5fa8;\"><strong data-start=\"795\" data-end=\"843\">APPW \u2013 Associa\u00e7\u00e3o Portuguesa de Prader-Willi<\/strong><\/span>, tem como miss\u00e3o transformar simpatia em empatia, informa\u00e7\u00e3o em a\u00e7\u00e3o e escolas em espa\u00e7os onde todos podem aprender e crescer juntos.<\/span><\/p><\/div><style>.porto-u-bd11424de395366805213f3c847c9ae4.porto-u-heading{text-align:center}<\/style><\/div>\t\t\t\t<\/div>\n\t\t\t\t<\/div>\n\t\t\t\t<\/div>\n\t\t<div class=\"elementor-element elementor-element-b3ab2b9 e-con-full e-flex e-con e-child\" data-id=\"b3ab2b9\" data-element_type=\"container\" data-e-type=\"container\">\r\n\t\t\t\t<div class=\"elementor-element elementor-element-5e21543 elementor-widget elementor-widget-video\" data-id=\"5e21543\" data-element_type=\"widget\" data-e-type=\"widget\" data-settings=\"{&quot;youtube_url&quot;:&quot;https:\\\/\\\/www.youtube.com\\\/watch?v=b7ii6Cnphyw&quot;,&quot;video_type&quot;:&quot;youtube&quot;,&quot;controls&quot;:&quot;yes&quot;}\" data-widget_type=\"video.default\">\n\t\t\t\t<div class=\"elementor-widget-container\">\n\t\t\t\t\t\t\t<div class=\"elementor-wrapper elementor-open-inline\">\n\t\t\t<div class=\"elementor-video\"><\/div>\t\t<\/div>\n\t\t\t\t\t\t<\/div>\n\t\t\t\t<\/div>\n\t\t\t\t<\/div>\n\t\t\t\t\t<\/div>\n\t\t\t\t<\/div>\n\t\t<div class=\"elementor-element elementor-element-699b918 e-flex e-con-boxed e-con e-parent\" data-id=\"699b918\" data-element_type=\"container\" data-e-type=\"container\">\r\n\t\t\t\t\t<div class=\"e-con-inner\">\r\n\t\t\t\t<div class=\"elementor-element elementor-element-478e413 elementor-widget elementor-widget-spacer\" data-id=\"478e413\" data-element_type=\"widget\" data-e-type=\"widget\" data-widget_type=\"spacer.default\">\n\t\t\t\t<div class=\"elementor-widget-container\">\n\t\t\t\t\t\t\t<div class=\"elementor-spacer\">\n\t\t\t<div class=\"elementor-spacer-inner\"><\/div>\n\t\t<\/div>\n\t\t\t\t\t\t<\/div>\n\t\t\t\t<\/div>\n\t\t\t\t\t<\/div>\n\t\t\t\t<\/div>\n\t\t<div class=\"elementor-element elementor-element-8e0eb79 e-flex e-con-boxed e-con e-parent\" data-id=\"8e0eb79\" data-element_type=\"container\" data-e-type=\"container\">\r\n\t\t\t\t\t<div class=\"e-con-inner\">\r\n\t\t\t\t<div class=\"elementor-element elementor-element-41ac97c elementor-widget elementor-widget-porto_info_box\" data-id=\"41ac97c\" data-element_type=\"widget\" data-e-type=\"widget\" data-widget_type=\"porto_info_box.default\">\n\t\t\t\t<div class=\"elementor-widget-container\">\n\t\t\t\t\t<div class=\"porto-sicon-box style_1 top-icon\"><div class=\"porto-sicon-top\"><div class=\"porto-just-icon-wrapper porto-icon circle\" style=\"\"><i class=\"fas fa-bell\"><\/i><\/div><\/div><div class=\"porto-sicon-description\" style=\"\" ><p style=\"text-align: center;\" data-start=\"105\" data-end=\"135\"><span style=\"color: #1c5fa8; font-size: 18px;\"><strong data-start=\"105\" data-end=\"133\">Informa\u00e7\u00e3o Importante<\/strong><\/span><\/p><p style=\"text-align: left;\" data-start=\"137\" data-end=\"421\"><span style=\"font-size: 16px;\"><span style=\"color: #000000;\">A<\/span><span style=\"color: #1c5fa8;\"> <strong data-start=\"139\" data-end=\"199\">APPW \u2013 Associa\u00e7\u00e3o Portuguesa de S\u00edndrome de Prader-Willi<\/strong><\/span><span style=\"color: #000000;\"> est\u00e1 dispon\u00edvel para realizar <strong data-start=\"230\" data-end=\"257\">a\u00e7\u00f5es de sensibiliza\u00e7\u00e3o<\/strong> na sua escola.<\/span><\/span><br data-start=\"272\" data-end=\"275\" \/><span style=\"font-size: 16px; color: #000000;\">Estas sess\u00f5es ajudam a <strong data-start=\"298\" data-end=\"331\">compreender melhor a s\u00edndrome<\/strong>, promover <strong data-start=\"342\" data-end=\"354\">inclus\u00e3o<\/strong> e criar <strong data-start=\"363\" data-end=\"387\">estrat\u00e9gias de apoio<\/strong> para toda a comunidade escolar.<\/span><\/p><p style=\"text-align: left;\" data-start=\"423\" data-end=\"593\"><span style=\"font-size: 16px; color: #000000;\">Se deseja que a APPW v\u00e1 \u00e0 sua escola realizar esta sensibiliza\u00e7\u00e3o, <strong data-start=\"490\" data-end=\"524\"><a href=\"https:\/\/appw.pt\/index.php\/contacto\/\" target=\"_blank\" rel=\"noopener\">clique aqui<\/a> para nos contactar<\/strong>:<\/span><\/p><p style=\"text-align: center;\" data-start=\"595\" data-end=\"666\"><span style=\"color: #1c5fa8; font-size: 17px;\"><span style=\"color: #000000;\">Juntos, podemos construir<\/span> <strong data-start=\"621\" data-end=\"663\">uma escola mais inclusiva e consciente<\/strong>.<\/span><\/p><\/div> <!-- description --><\/div><!-- porto-sicon-box -->\t\t\t\t<\/div>\n\t\t\t\t<\/div>\n\t\t\t\t\t<\/div>\n\t\t\t\t<\/div>\n\t\t<div class=\"elementor-element elementor-element-e212039 e-flex e-con-boxed e-con e-parent\" data-id=\"e212039\" data-element_type=\"container\" data-e-type=\"container\">\r\n\t\t\t\t\t<div class=\"e-con-inner\">\r\n\t\t\t\t<div class=\"elementor-element elementor-element-4d82450 elementor-widget elementor-widget-spacer\" data-id=\"4d82450\" data-element_type=\"widget\" data-e-type=\"widget\" data-widget_type=\"spacer.default\">\n\t\t\t\t<div class=\"elementor-widget-container\">\n\t\t\t\t\t\t\t<div class=\"elementor-spacer\">\n\t\t\t<div class=\"elementor-spacer-inner\"><\/div>\n\t\t<\/div>\n\t\t\t\t\t\t<\/div>\n\t\t\t\t<\/div>\n\t\t\t\t\t<\/div>\n\t\t\t\t<\/div>\n\t\t\t\t<\/div>\n\t\t","protected":false},"excerpt":{"rendered":"<p>A inclus\u00e3o come\u00e7a pelo conhecimento. O projeto Escola para Todos \u2013 Conhecendo a S\u00edndrome de Prader-Willi surge como uma resposta \u00e0 necessidade de formar e sensibilizar a comunidade escolar para compreender e apoiar melhor alunos com esta condi\u00e7\u00e3o rara. Ao promover informa\u00e7\u00e3o acess\u00edvel e estrat\u00e9gias adequadas, pretende-se criar um ambiente educativo mais inclusivo, emp\u00e1tico e [&hellip;]<\/p>\n","protected":false},"author":4,"featured_media":0,"parent":0,"menu_order":0,"comment_status":"closed","ping_status":"closed","template":"","meta":{"footnotes":""},"wf_page_folders":[],"class_list":["post-5865","page","type-page","status-publish","hentry"],"_links":{"self":[{"href":"https:\/\/appw.pt\/index.php\/wp-json\/wp\/v2\/pages\/5865","targetHints":{"allow":["GET"]}}],"collection":[{"href":"https:\/\/appw.pt\/index.php\/wp-json\/wp\/v2\/pages"}],"about":[{"href":"https:\/\/appw.pt\/index.php\/wp-json\/wp\/v2\/types\/page"}],"author":[{"embeddable":true,"href":"https:\/\/appw.pt\/index.php\/wp-json\/wp\/v2\/users\/4"}],"replies":[{"embeddable":true,"href":"https:\/\/appw.pt\/index.php\/wp-json\/wp\/v2\/comments?post=5865"}],"version-history":[{"count":31,"href":"https:\/\/appw.pt\/index.php\/wp-json\/wp\/v2\/pages\/5865\/revisions"}],"predecessor-version":[{"id":6452,"href":"https:\/\/appw.pt\/index.php\/wp-json\/wp\/v2\/pages\/5865\/revisions\/6452"}],"wp:attachment":[{"href":"https:\/\/appw.pt\/index.php\/wp-json\/wp\/v2\/media?parent=5865"}],"wp:term":[{"taxonomy":"wf_page_folders","embeddable":true,"href":"https:\/\/appw.pt\/index.php\/wp-json\/wp\/v2\/wf_page_folders?post=5865"}],"curies":[{"name":"wp","href":"https:\/\/api.w.org\/{rel}","templated":true}]}}