{"id":5845,"date":"2025-08-13T12:26:26","date_gmt":"2025-08-13T12:26:26","guid":{"rendered":"https:\/\/appw.pt\/?page_id=5845"},"modified":"2025-09-30T18:18:23","modified_gmt":"2025-09-30T18:18:23","slug":"projetos-financiados-pelo-pafi","status":"publish","type":"page","link":"https:\/\/appw.pt\/index.php\/projetos-financiados-pelo-pafi\/","title":{"rendered":"Projetos financiados pelo PAFI"},"content":{"rendered":"\t\t<div data-elementor-type=\"wp-page\" data-elementor-id=\"5845\" class=\"elementor elementor-5845\">\n\t\t\t\t<div class=\"elementor-element elementor-element-861f372 e-flex e-con-boxed e-con e-parent\" data-id=\"861f372\" data-element_type=\"container\" data-e-type=\"container\">\r\n\t\t\t\t\t<div class=\"e-con-inner\">\r\n\t\t\t\t<div class=\"elementor-element elementor-element-375745a elementor-widget elementor-widget-spacer\" data-id=\"375745a\" data-element_type=\"widget\" data-e-type=\"widget\" data-widget_type=\"spacer.default\">\n\t\t\t\t<div class=\"elementor-widget-container\">\n\t\t\t\t\t\t\t<div class=\"elementor-spacer\">\n\t\t\t<div class=\"elementor-spacer-inner\"><\/div>\n\t\t<\/div>\n\t\t\t\t\t\t<\/div>\n\t\t\t\t<\/div>\n\t\t\t\t\t<\/div>\n\t\t\t\t<\/div>\n\t\t<div class=\"elementor-element elementor-element-5c653de e-flex e-con-boxed e-con e-parent\" data-id=\"5c653de\" data-element_type=\"container\" data-e-type=\"container\">\r\n\t\t\t\t\t<div class=\"e-con-inner\">\r\n\t\t<div class=\"elementor-element elementor-element-d70e7c9 e-con-full e-flex e-con e-child\" data-id=\"d70e7c9\" data-element_type=\"container\" data-e-type=\"container\">\r\n\t\t\t\t<div class=\"elementor-element elementor-element-ce919cb elementor-widget__width-initial elementor-widget elementor-widget-porto_ultimate_heading\" data-id=\"ce919cb\" data-element_type=\"widget\" data-e-type=\"widget\" data-widget_type=\"porto_ultimate_heading.default\">\n\t\t\t\t<div class=\"elementor-widget-container\">\n\t\t\t\t\t<div class=\"porto-u-heading  porto-u-bd11424de395366805213f3c847c9ae4\"><div class=\"porto-u-sub-heading\" style=\"\"><p>\u00a0<\/p><p style=\"text-align: left;\"><span style=\"font-size: 18px; color: #000000;\">Estes projetos resultam de candidaturas ao<strong><span style=\"color: #1c5fa8;\"> Programa de Apoio Financeiro (PAFI)<\/span><\/strong>, destinado a <span style=\"color: #1c5fa8;\">Institui\u00e7\u00f5es Particulares de Solidariedade Social (IPSS)<\/span> e outras entidades sem fins lucrativos que desenvolvem iniciativas de car\u00e1ter social e de promo\u00e7\u00e3o da sa\u00fade no concelho de Sintra.<\/span><br data-start=\"424\" data-end=\"427\" \/><span style=\"font-size: 18px; color: #000000;\">O <strong><span style=\"color: #1c5fa8;\">PAFI<\/span><\/strong>, promovido pela<span style=\"color: #1c5fa8;\"> C\u00e2mara Municipal de Sintra<\/span>, tem como objetivo apoiar financeiramente projetos e investimentos que contribuam para a melhoria da qualidade de vida da popula\u00e7\u00e3o, incentivando a\u00e7\u00f5es inovadoras e sustent\u00e1veis nas \u00e1reas social e de sa\u00fade.<\/span><\/p><\/div><style>.porto-u-bd11424de395366805213f3c847c9ae4.porto-u-heading{text-align:center}<\/style><\/div>\t\t\t\t<\/div>\n\t\t\t\t<\/div>\n\t\t\t\t<\/div>\n\t\t<div class=\"elementor-element elementor-element-b6d0f07 e-con-full e-flex e-con e-child\" data-id=\"b6d0f07\" data-element_type=\"container\" data-e-type=\"container\">\r\n\t\t\t\t<div class=\"elementor-element elementor-element-39bbd40 elementor-widget elementor-widget-image\" data-id=\"39bbd40\" data-element_type=\"widget\" data-e-type=\"widget\" data-widget_type=\"image.default\">\n\t\t\t\t<div class=\"elementor-widget-container\">\n\t\t\t\t\t\t\t\t\t\t\t\t\t\t\t<img fetchpriority=\"high\" decoding=\"async\" width=\"1024\" height=\"841\" src=\"https:\/\/appw.pt\/wp-content\/uploads\/2025\/07\/Imagem-WhatsApp-2025-07-23-as-18.32.14_fa0345c2-1024x841.jpg\" class=\"attachment-large size-large wp-image-5050\" alt=\"\" srcset=\"https:\/\/appw.pt\/wp-content\/uploads\/2025\/07\/Imagem-WhatsApp-2025-07-23-as-18.32.14_fa0345c2-1024x841.jpg 1024w, https:\/\/appw.pt\/wp-content\/uploads\/2025\/07\/Imagem-WhatsApp-2025-07-23-as-18.32.14_fa0345c2-768x631.jpg 768w, https:\/\/appw.pt\/wp-content\/uploads\/2025\/07\/Imagem-WhatsApp-2025-07-23-as-18.32.14_fa0345c2-640x526.jpg 640w, https:\/\/appw.pt\/wp-content\/uploads\/2025\/07\/Imagem-WhatsApp-2025-07-23-as-18.32.14_fa0345c2-400x329.jpg 400w, https:\/\/appw.pt\/wp-content\/uploads\/2025\/07\/Imagem-WhatsApp-2025-07-23-as-18.32.14_fa0345c2-367x301.jpg 367w, https:\/\/appw.pt\/wp-content\/uploads\/2025\/07\/Imagem-WhatsApp-2025-07-23-as-18.32.14_fa0345c2-600x493.jpg 600w\" sizes=\"(max-width: 1024px) 100vw, 1024px\" \/>\t\t\t\t\t\t\t\t\t\t\t\t\t\t\t<\/div>\n\t\t\t\t<\/div>\n\t\t\t\t<\/div>\n\t\t\t\t\t<\/div>\n\t\t\t\t<\/div>\n\t\t<div class=\"elementor-element elementor-element-e51ad75 e-flex e-con-boxed e-con e-parent\" data-id=\"e51ad75\" data-element_type=\"container\" data-e-type=\"container\">\r\n\t\t\t\t\t<div class=\"e-con-inner\">\r\n\t\t\t\t<div class=\"elementor-element elementor-element-e176b87 elementor-widget elementor-widget-spacer\" data-id=\"e176b87\" data-element_type=\"widget\" data-e-type=\"widget\" data-widget_type=\"spacer.default\">\n\t\t\t\t<div class=\"elementor-widget-container\">\n\t\t\t\t\t\t\t<div class=\"elementor-spacer\">\n\t\t\t<div class=\"elementor-spacer-inner\"><\/div>\n\t\t<\/div>\n\t\t\t\t\t\t<\/div>\n\t\t\t\t<\/div>\n\t\t\t\t\t<\/div>\n\t\t\t\t<\/div>\n\t\t<div class=\"elementor-element elementor-element-2137279 e-flex e-con-boxed e-con e-parent\" data-id=\"2137279\" data-element_type=\"container\" data-e-type=\"container\">\r\n\t\t\t\t\t<div class=\"e-con-inner\">\r\n\t\t\t\t<div class=\"elementor-element elementor-element-0c58593 elementor-invisible elementor-widget elementor-widget-heading\" data-id=\"0c58593\" data-element_type=\"widget\" data-e-type=\"widget\" data-settings=\"{&quot;_animation&quot;:&quot;fadeIn&quot;}\" data-widget_type=\"heading.default\">\n\t\t\t\t<div class=\"elementor-widget-container\">\n\t\t\t\t\t<h2 class=\"elementor-heading-title elementor-size-default\">PAFI 2024<\/h2>\t\t\t\t<\/div>\n\t\t\t\t<\/div>\n\t\t\t\t\t<\/div>\n\t\t\t\t<\/div>\n\t\t<div class=\"elementor-element elementor-element-c84deaf e-flex e-con-boxed e-con e-parent\" data-id=\"c84deaf\" data-element_type=\"container\" data-e-type=\"container\">\r\n\t\t\t\t\t<div class=\"e-con-inner\">\r\n\t\t\t\t<div class=\"elementor-element elementor-element-5af066d elementor-widget-divider--view-line elementor-invisible elementor-widget elementor-widget-divider\" data-id=\"5af066d\" data-element_type=\"widget\" data-e-type=\"widget\" data-settings=\"{&quot;_animation&quot;:&quot;fadeIn&quot;}\" data-widget_type=\"divider.default\">\n\t\t\t\t<div class=\"elementor-widget-container\">\n\t\t\t\t\t\t\t<div class=\"elementor-divider\">\n\t\t\t<span class=\"elementor-divider-separator\">\n\t\t\t\t\t\t<\/span>\n\t\t<\/div>\n\t\t\t\t\t\t<\/div>\n\t\t\t\t<\/div>\n\t\t\t\t\t<\/div>\n\t\t\t\t<\/div>\n\t\t<div class=\"elementor-element elementor-element-6e3258b e-con-full e-flex e-con e-parent\" data-id=\"6e3258b\" data-element_type=\"container\" data-e-type=\"container\">\r\n\t\t<div class=\"elementor-element elementor-element-e9b6fdd e-con-full e-flex e-con e-child\" data-id=\"e9b6fdd\" data-element_type=\"container\" data-e-type=\"container\">\r\n\t\t\t\t<div class=\"elementor-element elementor-element-557f689 elementor-widget elementor-widget-porto_ultimate_heading\" data-id=\"557f689\" data-element_type=\"widget\" data-e-type=\"widget\" data-widget_type=\"porto_ultimate_heading.default\">\n\t\t\t\t<div class=\"elementor-widget-container\">\n\t\t\t\t\t<div class=\"porto-u-heading  porto-u-bd11424de395366805213f3c847c9ae4\"><div class=\"porto-u-sub-heading\" style=\"\"><p style=\"text-align: left;\" data-start=\"158\" data-end=\"526\"><span style=\"color: #000000; font-size: 17px;\">O Encontro nacional da APPW - \" Fim de semana livre\"- Inclus\u00e3o e orienta\u00e7\u00e3o\u00a0 social- projeto que contempla a inclus\u00e3o social de toda a comunidade Prader-Willi e de grande relev\u00e2ncia para a comunidade. Realiza-se anualmente e acolhe participantes de todo o pa\u00eds num ambiente de partilha, aprendizagem e conv\u00edvio. Este evento visa refor\u00e7ar la\u00e7os, promover h\u00e1bitos saud\u00e1veis e proporcionar oportunidades \u00fanicas de intera\u00e7\u00e3o entre pessoas com a S\u00edndrome, fam\u00edlias, especialistas e volunt\u00e1rios.<\/span><\/p><p style=\"text-align: left;\" data-start=\"761\" data-end=\"1097\"><span style=\"color: #1c5fa8; font-size: 18px;\"><strong data-start=\"761\" data-end=\"818\">Eixo 2 \u2013 Socializa\u00e7\u00e3o, Desporto e Atividades em Grupo<\/strong><\/span><\/p><p style=\"text-align: left;\" data-start=\"761\" data-end=\"1097\"><br data-start=\"818\" data-end=\"821\" \/><span style=\"color: #000000; font-size: 17px;\">O evento promove a socializa\u00e7\u00e3o entre pares e integra atividades desportivas \u2013 essenciais para esta condi\u00e7\u00e3o \u2013, bem como o trabalho em equipa. Conta com o apoio fundamental de monitores e volunt\u00e1rios, cujo empenho contribui para tornar este momento verdadeiramente especial.<\/span><\/p><p style=\"text-align: left;\" data-start=\"1099\" data-end=\"1331\">\u00a0<\/p><\/div><style>.porto-u-bd11424de395366805213f3c847c9ae4.porto-u-heading{text-align:center}<\/style><\/div>\t\t\t\t<\/div>\n\t\t\t\t<\/div>\n\t\t\t\t<\/div>\n\t\t<div class=\"elementor-element elementor-element-fd97cef e-con-full e-flex e-con e-child\" data-id=\"fd97cef\" data-element_type=\"container\" data-e-type=\"container\">\r\n\t\t\t\t<div class=\"elementor-element elementor-element-0bc3713 elementor-widget__width-initial elementor-widget elementor-widget-video\" data-id=\"0bc3713\" data-element_type=\"widget\" data-e-type=\"widget\" data-settings=\"{&quot;youtube_url&quot;:&quot;https:\\\/\\\/www.youtube.com\\\/watch?v=kefBgwFX6ao&quot;,&quot;video_type&quot;:&quot;youtube&quot;,&quot;controls&quot;:&quot;yes&quot;}\" data-widget_type=\"video.default\">\n\t\t\t\t<div class=\"elementor-widget-container\">\n\t\t\t\t\t\t\t<div class=\"elementor-wrapper elementor-open-inline\">\n\t\t\t<div class=\"elementor-video\"><\/div>\t\t<\/div>\n\t\t\t\t\t\t<\/div>\n\t\t\t\t<\/div>\n\t\t\t\t<\/div>\n\t\t\t\t<\/div>\n\t\t<div class=\"elementor-element elementor-element-76a593f e-flex e-con-boxed e-con e-parent\" data-id=\"76a593f\" data-element_type=\"container\" data-e-type=\"container\">\r\n\t\t\t\t\t<div class=\"e-con-inner\">\r\n\t\t\t\t<div class=\"elementor-element elementor-element-a3e30de elementor-widget elementor-widget-spacer\" data-id=\"a3e30de\" data-element_type=\"widget\" data-e-type=\"widget\" data-widget_type=\"spacer.default\">\n\t\t\t\t<div class=\"elementor-widget-container\">\n\t\t\t\t\t\t\t<div class=\"elementor-spacer\">\n\t\t\t<div class=\"elementor-spacer-inner\"><\/div>\n\t\t<\/div>\n\t\t\t\t\t\t<\/div>\n\t\t\t\t<\/div>\n\t\t\t\t\t<\/div>\n\t\t\t\t<\/div>\n\t\t<div class=\"elementor-element elementor-element-f1d6ffd e-flex e-con-boxed e-con e-parent\" data-id=\"f1d6ffd\" data-element_type=\"container\" data-e-type=\"container\">\r\n\t\t\t\t\t<div class=\"e-con-inner\">\r\n\t\t\t\t<div class=\"elementor-element elementor-element-8090685 elementor-invisible elementor-widget elementor-widget-heading\" data-id=\"8090685\" data-element_type=\"widget\" data-e-type=\"widget\" data-settings=\"{&quot;_animation&quot;:&quot;fadeIn&quot;}\" data-widget_type=\"heading.default\">\n\t\t\t\t<div class=\"elementor-widget-container\">\n\t\t\t\t\t<h2 class=\"elementor-heading-title elementor-size-default\">PAFI 2025<\/h2>\t\t\t\t<\/div>\n\t\t\t\t<\/div>\n\t\t\t\t\t<\/div>\n\t\t\t\t<\/div>\n\t\t<div class=\"elementor-element elementor-element-beaadf7 e-flex e-con-boxed e-con e-parent\" data-id=\"beaadf7\" data-element_type=\"container\" data-e-type=\"container\">\r\n\t\t\t\t\t<div class=\"e-con-inner\">\r\n\t\t\t\t<div class=\"elementor-element elementor-element-02c6c50 elementor-widget-divider--view-line elementor-invisible elementor-widget elementor-widget-divider\" data-id=\"02c6c50\" data-element_type=\"widget\" data-e-type=\"widget\" data-settings=\"{&quot;_animation&quot;:&quot;fadeIn&quot;}\" data-widget_type=\"divider.default\">\n\t\t\t\t<div class=\"elementor-widget-container\">\n\t\t\t\t\t\t\t<div class=\"elementor-divider\">\n\t\t\t<span class=\"elementor-divider-separator\">\n\t\t\t\t\t\t<\/span>\n\t\t<\/div>\n\t\t\t\t\t\t<\/div>\n\t\t\t\t<\/div>\n\t\t\t\t\t<\/div>\n\t\t\t\t<\/div>\n\t\t<div class=\"elementor-element elementor-element-9660bfb e-con-full e-flex e-con e-parent\" data-id=\"9660bfb\" data-element_type=\"container\" data-e-type=\"container\">\r\n\t\t<div class=\"elementor-element elementor-element-2891f3e e-con-full e-flex e-con e-child\" data-id=\"2891f3e\" data-element_type=\"container\" data-e-type=\"container\">\r\n\t\t\t\t<div class=\"elementor-element elementor-element-aa7d899 elementor-widget elementor-widget-porto_ultimate_heading\" data-id=\"aa7d899\" data-element_type=\"widget\" data-e-type=\"widget\" data-widget_type=\"porto_ultimate_heading.default\">\n\t\t\t\t<div class=\"elementor-widget-container\">\n\t\t\t\t\t<div class=\"porto-u-heading  porto-u-bd11424de395366805213f3c847c9ae4\"><div class=\"porto-u-sub-heading\" style=\"\"><p style=\"text-align: left;\"><span style=\"color: #000000; font-size: 17px;\">O <span style=\"color: #1c5fa8;\"><strong data-start=\"208\" data-end=\"232\">Sorrisos sem Limites<\/strong> <\/span>\u00e9 um encontro anual que promove a inclus\u00e3o social de toda a comunidade Prader-Willi, constituindo um marco significativo no calend\u00e1rio da associa\u00e7\u00e3o. Em 2025, o projeto volta a reunir participantes de norte a sul do pa\u00eds para um fim de semana marcado pela partilha, pelo conhecimento e pelo conv\u00edvio. Esta iniciativa tem como prop\u00f3sito refor\u00e7ar rela\u00e7\u00f5es, estimular estilos de vida saud\u00e1veis e criar momentos \u00fanicos de intera\u00e7\u00e3o entre pessoas com a S\u00edndrome, familiares, profissionais especializados e volunt\u00e1rios.<\/span><\/p><p style=\"text-align: left;\"><span style=\"color: #1c5fa8; font-size: 18px;\"><strong>Eixo 2 \u2013 Socializa\u00e7\u00e3o, Desporto e Atividades em Grupo<\/strong><\/span><\/p><p style=\"text-align: left;\"><span style=\"font-size: 17px; color: #000000;\">Na edi\u00e7\u00e3o de 2025, o evento manter\u00e1 o compromisso de fomentar a socializa\u00e7\u00e3o e a pr\u00e1tica de modalidades desportivas \u2013 essenciais para esta condi\u00e7\u00e3o \u2013 incentivando tamb\u00e9m a coopera\u00e7\u00e3o e o esp\u00edrito de equipa. A concretiza\u00e7\u00e3o desta experi\u00eancia s\u00f3 \u00e9 poss\u00edvel gra\u00e7as ao contributo inestim\u00e1vel dos monitores e volunt\u00e1rios, cujo envolvimento garante que cada edi\u00e7\u00e3o seja memor\u00e1vel e enriquecedora para todos os participantes.<\/span><\/p><\/div><style>.porto-u-bd11424de395366805213f3c847c9ae4.porto-u-heading{text-align:center}<\/style><\/div>\t\t\t\t<\/div>\n\t\t\t\t<\/div>\n\t\t\t\t<\/div>\n\t\t<div class=\"elementor-element elementor-element-a3158a3 e-flex e-con-boxed e-con e-child\" data-id=\"a3158a3\" data-element_type=\"container\" data-e-type=\"container\">\r\n\t\t\t\t\t<div class=\"e-con-inner\">\r\n\t\t\t\t<div class=\"elementor-element elementor-element-fd290f9 elementor-widget elementor-widget-video\" data-id=\"fd290f9\" data-element_type=\"widget\" data-e-type=\"widget\" data-settings=\"{&quot;youtube_url&quot;:&quot;https:\\\/\\\/www.youtube.com\\\/watch?v=Gvcs-48mBD8&quot;,&quot;video_type&quot;:&quot;youtube&quot;,&quot;controls&quot;:&quot;yes&quot;}\" data-widget_type=\"video.default\">\n\t\t\t\t<div class=\"elementor-widget-container\">\n\t\t\t\t\t\t\t<div class=\"elementor-wrapper elementor-open-inline\">\n\t\t\t<div class=\"elementor-video\"><\/div>\t\t<\/div>\n\t\t\t\t\t\t<\/div>\n\t\t\t\t<\/div>\n\t\t\t\t\t<\/div>\n\t\t\t\t<\/div>\n\t\t\t\t<\/div>\n\t\t<div class=\"elementor-element elementor-element-0c1caac e-flex e-con-boxed e-con e-parent\" data-id=\"0c1caac\" data-element_type=\"container\" data-e-type=\"container\">\r\n\t\t\t\t\t<div class=\"e-con-inner\">\r\n\t\t\t\t<div class=\"elementor-element elementor-element-c8a99d2 elementor-widget elementor-widget-spacer\" data-id=\"c8a99d2\" data-element_type=\"widget\" data-e-type=\"widget\" data-widget_type=\"spacer.default\">\n\t\t\t\t<div class=\"elementor-widget-container\">\n\t\t\t\t\t\t\t<div class=\"elementor-spacer\">\n\t\t\t<div class=\"elementor-spacer-inner\"><\/div>\n\t\t<\/div>\n\t\t\t\t\t\t<\/div>\n\t\t\t\t<\/div>\n\t\t\t\t\t<\/div>\n\t\t\t\t<\/div>\n\t\t\t\t<\/div>\n\t\t","protected":false},"excerpt":{"rendered":"<p>\u00a0 Estes projetos resultam de candidaturas ao Programa de Apoio Financeiro (PAFI), destinado a Institui\u00e7\u00f5es Particulares de Solidariedade Social (IPSS) e outras entidades sem fins lucrativos que desenvolvem iniciativas de car\u00e1ter social e de promo\u00e7\u00e3o da sa\u00fade no concelho de Sintra.O PAFI, promovido pela C\u00e2mara Municipal de Sintra, tem como objetivo apoiar financeiramente projetos e [&hellip;]<\/p>\n","protected":false},"author":4,"featured_media":0,"parent":0,"menu_order":0,"comment_status":"closed","ping_status":"closed","template":"","meta":{"footnotes":""},"wf_page_folders":[],"class_list":["post-5845","page","type-page","status-publish","hentry"],"_links":{"self":[{"href":"https:\/\/appw.pt\/index.php\/wp-json\/wp\/v2\/pages\/5845","targetHints":{"allow":["GET"]}}],"collection":[{"href":"https:\/\/appw.pt\/index.php\/wp-json\/wp\/v2\/pages"}],"about":[{"href":"https:\/\/appw.pt\/index.php\/wp-json\/wp\/v2\/types\/page"}],"author":[{"embeddable":true,"href":"https:\/\/appw.pt\/index.php\/wp-json\/wp\/v2\/users\/4"}],"replies":[{"embeddable":true,"href":"https:\/\/appw.pt\/index.php\/wp-json\/wp\/v2\/comments?post=5845"}],"version-history":[{"count":16,"href":"https:\/\/appw.pt\/index.php\/wp-json\/wp\/v2\/pages\/5845\/revisions"}],"predecessor-version":[{"id":6372,"href":"https:\/\/appw.pt\/index.php\/wp-json\/wp\/v2\/pages\/5845\/revisions\/6372"}],"wp:attachment":[{"href":"https:\/\/appw.pt\/index.php\/wp-json\/wp\/v2\/media?parent=5845"}],"wp:term":[{"taxonomy":"wf_page_folders","embeddable":true,"href":"https:\/\/appw.pt\/index.php\/wp-json\/wp\/v2\/wf_page_folders?post=5845"}],"curies":[{"name":"wp","href":"https:\/\/api.w.org\/{rel}","templated":true}]}}