{"id":5156,"date":"2025-07-24T21:58:11","date_gmt":"2025-07-24T21:58:11","guid":{"rendered":"https:\/\/appw.pt\/?page_id=5156"},"modified":"2026-04-28T12:57:38","modified_gmt":"2026-04-28T12:57:38","slug":"projetos-financiados","status":"publish","type":"page","link":"https:\/\/appw.pt\/index.php\/projetos-financiados\/","title":{"rendered":"Projetos financiados"},"content":{"rendered":"\t\t<div data-elementor-type=\"wp-page\" data-elementor-id=\"5156\" class=\"elementor elementor-5156\">\n\t\t\t\t<div class=\"elementor-element elementor-element-6f27562 e-flex e-con-boxed e-con e-parent\" data-id=\"6f27562\" data-element_type=\"container\" data-e-type=\"container\">\r\n\t\t\t\t\t<div class=\"e-con-inner\">\r\n\t\t\t\t<div class=\"elementor-element elementor-element-f16e2cf elementor-widget elementor-widget-spacer\" data-id=\"f16e2cf\" data-element_type=\"widget\" data-e-type=\"widget\" data-widget_type=\"spacer.default\">\n\t\t\t\t<div class=\"elementor-widget-container\">\n\t\t\t\t\t\t\t<div class=\"elementor-spacer\">\n\t\t\t<div class=\"elementor-spacer-inner\"><\/div>\n\t\t<\/div>\n\t\t\t\t\t\t<\/div>\n\t\t\t\t<\/div>\n\t\t\t\t\t<\/div>\n\t\t\t\t<\/div>\n\t\t<div class=\"elementor-element elementor-element-49ea4dc e-grid e-con-boxed e-con e-parent\" data-id=\"49ea4dc\" data-element_type=\"container\" data-e-type=\"container\">\r\n\t\t\t\t\t<div class=\"e-con-inner\">\r\n\t\t<div class=\"elementor-element elementor-element-42f0043 e-con-full e-flex e-con e-child\" data-id=\"42f0043\" data-element_type=\"container\" data-e-type=\"container\">\r\n\t\t\t\t<div class=\"elementor-element elementor-element-adc21b4 elementor-widget elementor-widget-image\" data-id=\"adc21b4\" data-element_type=\"widget\" data-e-type=\"widget\" data-widget_type=\"image.default\">\n\t\t\t\t<div class=\"elementor-widget-container\">\n\t\t\t\t\t\t\t\t\t\t\t\t\t\t\t<img fetchpriority=\"high\" decoding=\"async\" width=\"940\" height=\"788\" src=\"https:\/\/appw.pt\/wp-content\/uploads\/2025\/08\/Adicionar-um-titulo-20.jpg\" class=\"attachment-large size-large wp-image-5834\" alt=\"\" srcset=\"https:\/\/appw.pt\/wp-content\/uploads\/2025\/08\/Adicionar-um-titulo-20.jpg 940w, https:\/\/appw.pt\/wp-content\/uploads\/2025\/08\/Adicionar-um-titulo-20-768x644.jpg 768w, https:\/\/appw.pt\/wp-content\/uploads\/2025\/08\/Adicionar-um-titulo-20-640x537.jpg 640w, https:\/\/appw.pt\/wp-content\/uploads\/2025\/08\/Adicionar-um-titulo-20-400x335.jpg 400w, https:\/\/appw.pt\/wp-content\/uploads\/2025\/08\/Adicionar-um-titulo-20-367x308.jpg 367w, https:\/\/appw.pt\/wp-content\/uploads\/2025\/08\/Adicionar-um-titulo-20-600x503.jpg 600w\" sizes=\"(max-width: 940px) 100vw, 940px\" \/>\t\t\t\t\t\t\t\t\t\t\t\t\t\t\t<\/div>\n\t\t\t\t<\/div>\n\t\t\t\t<div class=\"elementor-element elementor-element-2a726b8 elementor-widget elementor-widget-heading\" data-id=\"2a726b8\" data-element_type=\"widget\" data-e-type=\"widget\" data-widget_type=\"heading.default\">\n\t\t\t\t<div class=\"elementor-widget-container\">\n\t\t\t\t\t<h2 class=\"elementor-heading-title elementor-size-default\">Projetos financiados pelo PAFI<\/h2>\t\t\t\t<\/div>\n\t\t\t\t<\/div>\n\t\t\t\t<div class=\"elementor-element elementor-element-35b32f6 elementor-widget elementor-widget-text-editor\" data-id=\"35b32f6\" data-element_type=\"widget\" data-e-type=\"widget\" data-widget_type=\"text-editor.default\">\n\t\t\t\t<div class=\"elementor-widget-container\">\n\t\t\t\t\t\t\t\t\t<p><span style=\"font-size: 17px; color: #000000;\">O Encontro Nacional da APPW, realizado anualmente, re\u00fane toda a comunidade Prader-Willi num momento de partilha, socializa\u00e7\u00e3o, pr\u00e1tica desportiva e aprendizagem conjunta, promovendo o trabalho em equipa e a valoriza\u00e7\u00e3o das diferen\u00e7as.<\/span><\/p><p>\u00a0<\/p>\t\t\t\t\t\t\t\t<\/div>\n\t\t\t\t<\/div>\n\t\t\t\t<div class=\"elementor-element elementor-element-980c310 elementor-align-center elementor-widget elementor-widget-button\" data-id=\"980c310\" data-element_type=\"widget\" data-e-type=\"widget\" data-widget_type=\"button.default\">\n\t\t\t\t<div class=\"elementor-widget-container\">\n\t\t\t\t\t\t\t\t\t<div class=\"elementor-button-wrapper\">\n\t\t\t\t\t<a class=\"elementor-button elementor-button-link elementor-size-sm\" href=\"https:\/\/appw.pt\/index.php\/projetos-financiados-pelo-pafi\/\" target=\"_blank\">\n\t\t\t\t\t\t<span class=\"elementor-button-content-wrapper\">\n\t\t\t\t\t\t\t\t\t<span class=\"elementor-button-text\">Clique aqui<\/span>\n\t\t\t\t\t<\/span>\n\t\t\t\t\t<\/a>\n\t\t\t\t<\/div>\n\t\t\t\t\t\t\t\t<\/div>\n\t\t\t\t<\/div>\n\t\t\t\t<\/div>\n\t\t<div class=\"elementor-element elementor-element-8d990c4 e-con-full e-flex e-con e-child\" data-id=\"8d990c4\" data-element_type=\"container\" data-e-type=\"container\">\r\n\t\t\t\t<div class=\"elementor-element elementor-element-a8a8c17 elementor-widget elementor-widget-image\" data-id=\"a8a8c17\" data-element_type=\"widget\" data-e-type=\"widget\" data-widget_type=\"image.default\">\n\t\t\t\t<div class=\"elementor-widget-container\">\n\t\t\t\t\t\t\t\t\t\t\t\t\t\t\t<img decoding=\"async\" src=\"https:\/\/appw.pt\/wp-content\/uploads\/2025\/08\/Post-Facebook-celular-lembrete-1.jpg\" title=\"\" alt=\"\" loading=\"lazy\" \/>\t\t\t\t\t\t\t\t\t\t\t\t\t\t\t<\/div>\n\t\t\t\t<\/div>\n\t\t\t\t<div class=\"elementor-element elementor-element-efae979 elementor-widget elementor-widget-heading\" data-id=\"efae979\" data-element_type=\"widget\" data-e-type=\"widget\" data-widget_type=\"heading.default\">\n\t\t\t\t<div class=\"elementor-widget-container\">\n\t\t\t\t\t<h2 class=\"elementor-heading-title elementor-size-default\">Escola para todos - conhecendo a S\u00edndrome de\n Prader-Willi<\/h2>\t\t\t\t<\/div>\n\t\t\t\t<\/div>\n\t\t\t\t<div class=\"elementor-element elementor-element-07dfcc8 elementor-widget__width-initial elementor-widget elementor-widget-text-editor\" data-id=\"07dfcc8\" data-element_type=\"widget\" data-e-type=\"widget\" data-widget_type=\"text-editor.default\">\n\t\t\t\t<div class=\"elementor-widget-container\">\n\t\t\t\t\t\t\t\t\t<p><span style=\"color: #000000; font-size: 17px;\">O projeto <strong data-start=\"68\" data-end=\"129\">Escola para Todos \u2013 Conhecendo a S\u00edndrome de Prader-Willi<\/strong> visa formar e sensibilizar toda a comunidade escolar para uma maior compreens\u00e3o desta condi\u00e7\u00e3o rara. A iniciativa promove inclus\u00e3o, empatia e estrat\u00e9gias adequadas para apoiar alunos com a s\u00edndrome no ambiente educativo.<\/span><\/p>\t\t\t\t\t\t\t\t<\/div>\n\t\t\t\t<\/div>\n\t\t\t\t<div class=\"elementor-element elementor-element-eed9ac0 elementor-align-center elementor-widget elementor-widget-button\" data-id=\"eed9ac0\" data-element_type=\"widget\" data-e-type=\"widget\" data-widget_type=\"button.default\">\n\t\t\t\t<div class=\"elementor-widget-container\">\n\t\t\t\t\t\t\t\t\t<div class=\"elementor-button-wrapper\">\n\t\t\t\t\t<a class=\"elementor-button elementor-button-link elementor-size-sm\" href=\"https:\/\/appw.pt\/index.php\/escola-para-todos-conhecendo-a-sindrome-deprader-willi\/\" target=\"_blank\">\n\t\t\t\t\t\t<span class=\"elementor-button-content-wrapper\">\n\t\t\t\t\t\t\t\t\t<span class=\"elementor-button-text\">Clique aqui<\/span>\n\t\t\t\t\t<\/span>\n\t\t\t\t\t<\/a>\n\t\t\t\t<\/div>\n\t\t\t\t\t\t\t\t<\/div>\n\t\t\t\t<\/div>\n\t\t\t\t<\/div>\n\t\t\t\t\t<\/div>\n\t\t\t\t<\/div>\n\t\t<div class=\"elementor-element elementor-element-b7faeb9 e-flex e-con-boxed e-con e-parent\" data-id=\"b7faeb9\" data-element_type=\"container\" data-e-type=\"container\">\r\n\t\t\t\t\t<div class=\"e-con-inner\">\r\n\t\t\t\t<div class=\"elementor-element elementor-element-75a6c51 elementor-widget elementor-widget-spacer\" data-id=\"75a6c51\" data-element_type=\"widget\" data-e-type=\"widget\" data-widget_type=\"spacer.default\">\n\t\t\t\t<div class=\"elementor-widget-container\">\n\t\t\t\t\t\t\t<div class=\"elementor-spacer\">\n\t\t\t<div class=\"elementor-spacer-inner\"><\/div>\n\t\t<\/div>\n\t\t\t\t\t\t<\/div>\n\t\t\t\t<\/div>\n\t\t\t\t\t<\/div>\n\t\t\t\t<\/div>\n\t\t<div class=\"elementor-element elementor-element-14dbe87 e-grid e-con-boxed e-con e-parent\" data-id=\"14dbe87\" data-element_type=\"container\" data-e-type=\"container\">\r\n\t\t\t\t\t<div class=\"e-con-inner\">\r\n\t\t<div class=\"elementor-element elementor-element-369ed3c e-con-full e-flex e-con e-child\" data-id=\"369ed3c\" data-element_type=\"container\" data-e-type=\"container\">\r\n\t\t\t\t<div class=\"elementor-element elementor-element-dbc595f elementor-widget__width-initial elementor-widget elementor-widget-image\" data-id=\"dbc595f\" data-element_type=\"widget\" data-e-type=\"widget\" data-widget_type=\"image.default\">\n\t\t\t\t<div class=\"elementor-widget-container\">\n\t\t\t\t\t\t\t\t\t\t\t\t\t\t\t<img decoding=\"async\" width=\"940\" height=\"788\" src=\"https:\/\/appw.pt\/wp-content\/uploads\/2025\/08\/Imagem-WhatsApp-2025-08-13-as-19.05.48_0ff15b82.jpg\" class=\"attachment-large size-large wp-image-5910\" alt=\"\" srcset=\"https:\/\/appw.pt\/wp-content\/uploads\/2025\/08\/Imagem-WhatsApp-2025-08-13-as-19.05.48_0ff15b82.jpg 940w, https:\/\/appw.pt\/wp-content\/uploads\/2025\/08\/Imagem-WhatsApp-2025-08-13-as-19.05.48_0ff15b82-768x644.jpg 768w, https:\/\/appw.pt\/wp-content\/uploads\/2025\/08\/Imagem-WhatsApp-2025-08-13-as-19.05.48_0ff15b82-640x537.jpg 640w, https:\/\/appw.pt\/wp-content\/uploads\/2025\/08\/Imagem-WhatsApp-2025-08-13-as-19.05.48_0ff15b82-400x335.jpg 400w, https:\/\/appw.pt\/wp-content\/uploads\/2025\/08\/Imagem-WhatsApp-2025-08-13-as-19.05.48_0ff15b82-367x308.jpg 367w, https:\/\/appw.pt\/wp-content\/uploads\/2025\/08\/Imagem-WhatsApp-2025-08-13-as-19.05.48_0ff15b82-600x503.jpg 600w\" sizes=\"(max-width: 940px) 100vw, 940px\" \/>\t\t\t\t\t\t\t\t\t\t\t\t\t\t\t<\/div>\n\t\t\t\t<\/div>\n\t\t\t\t<div class=\"elementor-element elementor-element-0b23d1c elementor-widget elementor-widget-heading\" data-id=\"0b23d1c\" data-element_type=\"widget\" data-e-type=\"widget\" data-widget_type=\"heading.default\">\n\t\t\t\t<div class=\"elementor-widget-container\">\n\t\t\t\t\t<h2 class=\"elementor-heading-title elementor-size-default\">Projeto de Sensibiliza\u00e7\u00e3o e Forma\u00e7\u00e3o sobre a S\u00edndrome de Prader-Willi<\/h2>\t\t\t\t<\/div>\n\t\t\t\t<\/div>\n\t\t\t\t<div class=\"elementor-element elementor-element-2bd5dbf elementor-widget__width-initial elementor-widget elementor-widget-text-editor\" data-id=\"2bd5dbf\" data-element_type=\"widget\" data-e-type=\"widget\" data-widget_type=\"text-editor.default\">\n\t\t\t\t<div class=\"elementor-widget-container\">\n\t\t\t\t\t\t\t\t\t<p><span style=\"font-size: 17px;\"><span style=\"color: #000000;\">A<\/span><strong><span style=\"color: #1c5fa8;\"> APPW<\/span><\/strong> <span style=\"color: #000000;\">desenvolveu um projeto inovador, reconhecido e certificado pelo <span style=\"color: #1c5fa8;\"><strong>Centro de Forma\u00e7\u00e3o<\/strong><\/span>, direcionado a toda a comunidade escolar \u2013 professores, t\u00e9cnicos especializados e assistentes operacionais \u2013 com o objetivo de aumentar a compreens\u00e3o e a capacidade de interven\u00e7\u00e3o perante a S\u00edndrome de Prader-Willi.<\/span><\/span><\/p>\t\t\t\t\t\t\t\t<\/div>\n\t\t\t\t<\/div>\n\t\t\t\t<div class=\"elementor-element elementor-element-b8b4a53 elementor-align-center elementor-widget elementor-widget-button\" data-id=\"b8b4a53\" data-element_type=\"widget\" data-e-type=\"widget\" data-widget_type=\"button.default\">\n\t\t\t\t<div class=\"elementor-widget-container\">\n\t\t\t\t\t\t\t\t\t<div class=\"elementor-button-wrapper\">\n\t\t\t\t\t<a class=\"elementor-button elementor-button-link elementor-size-sm\" href=\"https:\/\/appw.pt\/index.php\/projeto-de-sensibilizacao-e-formacao-sobre-a-sindrome-de-prader-willi\/\" target=\"_blank\">\n\t\t\t\t\t\t<span class=\"elementor-button-content-wrapper\">\n\t\t\t\t\t\t\t\t\t<span class=\"elementor-button-text\">Clique aqui<\/span>\n\t\t\t\t\t<\/span>\n\t\t\t\t\t<\/a>\n\t\t\t\t<\/div>\n\t\t\t\t\t\t\t\t<\/div>\n\t\t\t\t<\/div>\n\t\t\t\t<\/div>\n\t\t<div class=\"elementor-element elementor-element-0710bd2 e-con-full e-flex e-con e-child\" data-id=\"0710bd2\" data-element_type=\"container\" data-e-type=\"container\">\r\n\t\t\t\t<div class=\"elementor-element elementor-element-7d70978 elementor-widget elementor-widget-image\" data-id=\"7d70978\" data-element_type=\"widget\" data-e-type=\"widget\" data-widget_type=\"image.default\">\n\t\t\t\t<div class=\"elementor-widget-container\">\n\t\t\t\t\t\t\t\t\t\t\t\t\t\t\t<img decoding=\"async\" width=\"940\" height=\"788\" src=\"https:\/\/appw.pt\/wp-content\/uploads\/2025\/08\/Facebook-Post-Carnaval-.jpg\" class=\"attachment-large size-large wp-image-5940\" alt=\"\" srcset=\"https:\/\/appw.pt\/wp-content\/uploads\/2025\/08\/Facebook-Post-Carnaval-.jpg 940w, https:\/\/appw.pt\/wp-content\/uploads\/2025\/08\/Facebook-Post-Carnaval--768x644.jpg 768w, https:\/\/appw.pt\/wp-content\/uploads\/2025\/08\/Facebook-Post-Carnaval--640x537.jpg 640w, https:\/\/appw.pt\/wp-content\/uploads\/2025\/08\/Facebook-Post-Carnaval--400x335.jpg 400w, https:\/\/appw.pt\/wp-content\/uploads\/2025\/08\/Facebook-Post-Carnaval--367x308.jpg 367w, https:\/\/appw.pt\/wp-content\/uploads\/2025\/08\/Facebook-Post-Carnaval--600x503.jpg 600w\" sizes=\"(max-width: 940px) 100vw, 940px\" \/>\t\t\t\t\t\t\t\t\t\t\t\t\t\t\t<\/div>\n\t\t\t\t<\/div>\n\t\t\t\t<div class=\"elementor-element elementor-element-4f20c67 elementor-widget elementor-widget-heading\" data-id=\"4f20c67\" data-element_type=\"widget\" data-e-type=\"widget\" data-widget_type=\"heading.default\">\n\t\t\t\t<div class=\"elementor-widget-container\">\n\t\t\t\t\t<h2 class=\"elementor-heading-title elementor-size-default\">Toneladas de ajuda\n\n\n\n<\/h2>\t\t\t\t<\/div>\n\t\t\t\t<\/div>\n\t\t\t\t<div class=\"elementor-element elementor-element-b89a329 elementor-widget__width-initial elementor-widget elementor-widget-text-editor\" data-id=\"b89a329\" data-element_type=\"widget\" data-e-type=\"widget\" data-widget_type=\"text-editor.default\">\n\t\t\t\t<div class=\"elementor-widget-container\">\n\t\t\t\t\t\t\t\t\t<p><a href=\"https:\/\/appw.pt\/index.php\/contrato-programa-appw-junta-de-freguesia-de-algueirao-mem-martins\/\"><span style=\"font-size: 17px; color: #000000;\">O projeto Toneladas de Ajuda tem como miss\u00e3o unir sustentabilidade e solidariedade. Atrav\u00e9s da recolha de tampas, pl\u00e1sticos e outros materiais recicl\u00e1veis, transformamos o que seria descartado em apoio real para quem mais precisa.<\/span><\/a><\/p><p>\u00a0<\/p>\t\t\t\t\t\t\t\t<\/div>\n\t\t\t\t<\/div>\n\t\t\t\t<div class=\"elementor-element elementor-element-c4b4926 elementor-align-center elementor-widget elementor-widget-button\" data-id=\"c4b4926\" data-element_type=\"widget\" data-e-type=\"widget\" data-widget_type=\"button.default\">\n\t\t\t\t<div class=\"elementor-widget-container\">\n\t\t\t\t\t\t\t\t\t<div class=\"elementor-button-wrapper\">\n\t\t\t\t\t<a class=\"elementor-button elementor-button-link elementor-size-sm\" href=\"https:\/\/appw.pt\/index.php\/toneladas-de-ajuda\/\" target=\"_blank\">\n\t\t\t\t\t\t<span class=\"elementor-button-content-wrapper\">\n\t\t\t\t\t\t\t\t\t<span class=\"elementor-button-text\">Clique aqui<\/span>\n\t\t\t\t\t<\/span>\n\t\t\t\t\t<\/a>\n\t\t\t\t<\/div>\n\t\t\t\t\t\t\t\t<\/div>\n\t\t\t\t<\/div>\n\t\t\t\t<\/div>\n\t\t\t\t\t<\/div>\n\t\t\t\t<\/div>\n\t\t<div class=\"elementor-element elementor-element-b253ea7 e-flex e-con-boxed e-con e-parent\" data-id=\"b253ea7\" data-element_type=\"container\" data-e-type=\"container\">\r\n\t\t\t\t\t<div class=\"e-con-inner\">\r\n\t\t\t\t<div class=\"elementor-element elementor-element-564620d elementor-widget elementor-widget-spacer\" data-id=\"564620d\" data-element_type=\"widget\" data-e-type=\"widget\" data-widget_type=\"spacer.default\">\n\t\t\t\t<div class=\"elementor-widget-container\">\n\t\t\t\t\t\t\t<div class=\"elementor-spacer\">\n\t\t\t<div class=\"elementor-spacer-inner\"><\/div>\n\t\t<\/div>\n\t\t\t\t\t\t<\/div>\n\t\t\t\t<\/div>\n\t\t\t\t\t<\/div>\n\t\t\t\t<\/div>\n\t\t<div class=\"elementor-element elementor-element-5d3763b e-grid e-con-boxed e-con e-parent\" data-id=\"5d3763b\" data-element_type=\"container\" data-e-type=\"container\">\r\n\t\t\t\t\t<div class=\"e-con-inner\">\r\n\t\t<div class=\"elementor-element elementor-element-d85a7f7 e-con-full e-flex e-con e-child\" data-id=\"d85a7f7\" data-element_type=\"container\" data-e-type=\"container\">\r\n\t\t\t\t<div class=\"elementor-element elementor-element-4da1e79 elementor-widget__width-initial elementor-widget elementor-widget-image\" data-id=\"4da1e79\" data-element_type=\"widget\" data-e-type=\"widget\" data-widget_type=\"image.default\">\n\t\t\t\t<div class=\"elementor-widget-container\">\n\t\t\t\t\t\t\t\t\t\t\t\t\t\t\t<img decoding=\"async\" src=\"https:\/\/appw.pt\/wp-content\/uploads\/2025\/09\/Toneladas-de-ajuda-1.jpg\" title=\"\" alt=\"\" loading=\"lazy\" \/>\t\t\t\t\t\t\t\t\t\t\t\t\t\t\t<\/div>\n\t\t\t\t<\/div>\n\t\t\t\t<div class=\"elementor-element elementor-element-68c5d5f elementor-widget elementor-widget-heading\" data-id=\"68c5d5f\" data-element_type=\"widget\" data-e-type=\"widget\" data-widget_type=\"heading.default\">\n\t\t\t\t<div class=\"elementor-widget-container\">\n\t\t\t\t\t<h2 class=\"elementor-heading-title elementor-size-default\">Contrato-Programa APPW &amp; Junta de Freguesia de Algueir\u00e3o-Mem Martins<\/h2>\t\t\t\t<\/div>\n\t\t\t\t<\/div>\n\t\t\t\t<div class=\"elementor-element elementor-element-72bd94a elementor-widget__width-initial elementor-widget elementor-widget-text-editor\" data-id=\"72bd94a\" data-element_type=\"widget\" data-e-type=\"widget\" data-widget_type=\"text-editor.default\">\n\t\t\t\t<div class=\"elementor-widget-container\">\n\t\t\t\t\t\t\t\t\t<p><span style=\"color: #000000; font-size: 17px;\">A <strong><span style=\"color: #1c5fa8;\">APPW \u2013 Associa\u00e7\u00e3o Portuguesa de Prader-Willi<\/span><\/strong> celebrou em 2024 um contrato-programa anual, renov\u00e1vel, com a <strong>Junta de Freguesia de Algueir\u00e3o-Mem Martins<\/strong>, garantindo apoio alimentar mensal a 34 fam\u00edlias com o apoio do <strong>Banco Alimentar<\/strong>. O valor acordado reverte na \u00edntegra para a Associa\u00e7\u00e3o, tendo como benefici\u00e1rios diretos os nossos associados.<\/span><\/p>\t\t\t\t\t\t\t\t<\/div>\n\t\t\t\t<\/div>\n\t\t\t\t<div class=\"elementor-element elementor-element-0974d02 elementor-align-center elementor-widget elementor-widget-button\" data-id=\"0974d02\" data-element_type=\"widget\" data-e-type=\"widget\" data-widget_type=\"button.default\">\n\t\t\t\t<div class=\"elementor-widget-container\">\n\t\t\t\t\t\t\t\t\t<div class=\"elementor-button-wrapper\">\n\t\t\t\t\t<a class=\"elementor-button elementor-button-link elementor-size-sm\" href=\"https:\/\/appw.pt\/index.php\/contrato-programa-appw-junta-de-freguesia-de-algueirao-mem-martins\/\" target=\"_blank\">\n\t\t\t\t\t\t<span class=\"elementor-button-content-wrapper\">\n\t\t\t\t\t\t\t\t\t<span class=\"elementor-button-text\">Clique aqui<\/span>\n\t\t\t\t\t<\/span>\n\t\t\t\t\t<\/a>\n\t\t\t\t<\/div>\n\t\t\t\t\t\t\t\t<\/div>\n\t\t\t\t<\/div>\n\t\t\t\t<\/div>\n\t\t<div class=\"elementor-element elementor-element-38e3508 e-con-full e-flex e-con e-child\" data-id=\"38e3508\" data-element_type=\"container\" data-e-type=\"container\">\r\n\t\t\t\t<div class=\"elementor-element elementor-element-613fdea elementor-widget elementor-widget-image\" data-id=\"613fdea\" data-element_type=\"widget\" data-e-type=\"widget\" data-widget_type=\"image.default\">\n\t\t\t\t<div class=\"elementor-widget-container\">\n\t\t\t\t\t\t\t\t\t\t\t\t\t\t\t<img decoding=\"async\" src=\"https:\/\/appw.pt\/wp-content\/uploads\/2025\/09\/Gala-APPW.jpg\" title=\"\" alt=\"\" loading=\"lazy\" \/>\t\t\t\t\t\t\t\t\t\t\t\t\t\t\t<\/div>\n\t\t\t\t<\/div>\n\t\t\t\t<div class=\"elementor-element elementor-element-6ef7c26 elementor-widget elementor-widget-heading\" data-id=\"6ef7c26\" data-element_type=\"widget\" data-e-type=\"widget\" data-widget_type=\"heading.default\">\n\t\t\t\t<div class=\"elementor-widget-container\">\n\t\t\t\t\t<h2 class=\"elementor-heading-title elementor-size-default\">Gala APPW \u2013 Celebra\u00e7\u00e3o do Dia Internacional da S\u00edndrome de Prader-Willi<\/h2>\t\t\t\t<\/div>\n\t\t\t\t<\/div>\n\t\t\t\t<div class=\"elementor-element elementor-element-9a60092 elementor-widget__width-initial elementor-widget elementor-widget-text-editor\" data-id=\"9a60092\" data-element_type=\"widget\" data-e-type=\"widget\" data-widget_type=\"text-editor.default\">\n\t\t\t\t<div class=\"elementor-widget-container\">\n\t\t\t\t\t\t\t\t\t<p><span style=\"color: #000000; font-size: 17px;\">A <strong><span style=\"color: #1c5fa8;\">Gala APPW<\/span><\/strong> \u00e9 um evento anual, realizado com o apoio da <strong>C\u00e2mara Municipal de Sintra<\/strong> e da <strong>IPWSO (International Prader-Willi Syndrome Organisation)<\/strong>, que assinala o <strong><span style=\"color: #1c5fa8;\">Dia Internacional da S\u00edndrome de Prader-Willi<\/span><\/strong>, celebrado a <strong>30 de maio<\/strong>. Este momento re\u00fane fam\u00edlias, profissionais e parceiros institucionais, promovendo a conviv\u00eancia, a sensibiliza\u00e7\u00e3o e a celebra\u00e7\u00e3o conjunta em ambiente de alegria e partilha.<\/span><\/p>\t\t\t\t\t\t\t\t<\/div>\n\t\t\t\t<\/div>\n\t\t\t\t<div class=\"elementor-element elementor-element-a89a88b elementor-align-center elementor-widget elementor-widget-button\" data-id=\"a89a88b\" data-element_type=\"widget\" data-e-type=\"widget\" data-widget_type=\"button.default\">\n\t\t\t\t<div class=\"elementor-widget-container\">\n\t\t\t\t\t\t\t\t\t<div class=\"elementor-button-wrapper\">\n\t\t\t\t\t<a class=\"elementor-button elementor-button-link elementor-size-sm\" href=\"https:\/\/appw.pt\/index.php\/gala-appw-celebracao-do-dia-internacional-da-sindrome-de-prader-willi\/\" target=\"_blank\">\n\t\t\t\t\t\t<span class=\"elementor-button-content-wrapper\">\n\t\t\t\t\t\t\t\t\t<span class=\"elementor-button-text\">Clique aqui<\/span>\n\t\t\t\t\t<\/span>\n\t\t\t\t\t<\/a>\n\t\t\t\t<\/div>\n\t\t\t\t\t\t\t\t<\/div>\n\t\t\t\t<\/div>\n\t\t\t\t<\/div>\n\t\t\t\t\t<\/div>\n\t\t\t\t<\/div>\n\t\t<div class=\"elementor-element elementor-element-a5cf992 e-flex e-con-boxed e-con e-parent\" data-id=\"a5cf992\" data-element_type=\"container\" data-e-type=\"container\">\r\n\t\t\t\t\t<div class=\"e-con-inner\">\r\n\t\t\t\t<div class=\"elementor-element elementor-element-5e747bf elementor-widget elementor-widget-spacer\" data-id=\"5e747bf\" data-element_type=\"widget\" data-e-type=\"widget\" data-widget_type=\"spacer.default\">\n\t\t\t\t<div class=\"elementor-widget-container\">\n\t\t\t\t\t\t\t<div class=\"elementor-spacer\">\n\t\t\t<div class=\"elementor-spacer-inner\"><\/div>\n\t\t<\/div>\n\t\t\t\t\t\t<\/div>\n\t\t\t\t<\/div>\n\t\t\t\t\t<\/div>\n\t\t\t\t<\/div>\n\t\t<div class=\"elementor-element elementor-element-c63c978 e-grid e-con-boxed e-con e-parent\" data-id=\"c63c978\" data-element_type=\"container\" data-e-type=\"container\">\r\n\t\t\t\t\t<div class=\"e-con-inner\">\r\n\t\t<div class=\"elementor-element elementor-element-9db763c e-con-full e-flex e-con e-child\" data-id=\"9db763c\" data-element_type=\"container\" data-e-type=\"container\">\r\n\t\t\t\t<div class=\"elementor-element elementor-element-4b85491 elementor-widget__width-initial elementor-widget elementor-widget-image\" data-id=\"4b85491\" data-element_type=\"widget\" data-e-type=\"widget\" data-widget_type=\"image.default\">\n\t\t\t\t<div class=\"elementor-widget-container\">\n\t\t\t\t\t\t\t\t\t\t\t\t\t\t\t<img loading=\"lazy\" decoding=\"async\" width=\"940\" height=\"788\" src=\"https:\/\/appw.pt\/wp-content\/uploads\/2026\/04\/Dia-Mundial-do-Teatro-9.jpg\" class=\"attachment-large size-large wp-image-6765\" alt=\"\" srcset=\"https:\/\/appw.pt\/wp-content\/uploads\/2026\/04\/Dia-Mundial-do-Teatro-9.jpg 940w, https:\/\/appw.pt\/wp-content\/uploads\/2026\/04\/Dia-Mundial-do-Teatro-9-768x644.jpg 768w, https:\/\/appw.pt\/wp-content\/uploads\/2026\/04\/Dia-Mundial-do-Teatro-9-640x537.jpg 640w, https:\/\/appw.pt\/wp-content\/uploads\/2026\/04\/Dia-Mundial-do-Teatro-9-400x335.jpg 400w, https:\/\/appw.pt\/wp-content\/uploads\/2026\/04\/Dia-Mundial-do-Teatro-9-367x308.jpg 367w, https:\/\/appw.pt\/wp-content\/uploads\/2026\/04\/Dia-Mundial-do-Teatro-9-600x503.jpg 600w\" sizes=\"(max-width: 940px) 100vw, 940px\" \/>\t\t\t\t\t\t\t\t\t\t\t\t\t\t\t<\/div>\n\t\t\t\t<\/div>\n\t\t\t\t<div class=\"elementor-element elementor-element-61cc9f6 elementor-widget elementor-widget-heading\" data-id=\"61cc9f6\" data-element_type=\"widget\" data-e-type=\"widget\" data-widget_type=\"heading.default\">\n\t\t\t\t<div class=\"elementor-widget-container\">\n\t\t\t\t\t<h2 class=\"elementor-heading-title elementor-size-default\">La\u00e7os que curam - Evento de Hipoterapia<\/h2>\t\t\t\t<\/div>\n\t\t\t\t<\/div>\n\t\t\t\t<div class=\"elementor-element elementor-element-cae3fb8 elementor-widget__width-initial elementor-widget elementor-widget-text-editor\" data-id=\"cae3fb8\" data-element_type=\"widget\" data-e-type=\"widget\" data-widget_type=\"text-editor.default\">\n\t\t\t\t<div class=\"elementor-widget-container\">\n\t\t\t\t\t\t\t\t\t<section class=\"text-token-text-primary w-full focus:outline-none [--shadow-height:45px] has-data-writing-block:pointer-events-none has-data-writing-block:-mt-(--shadow-height) has-data-writing-block:pt-(--shadow-height) [&amp;:has([data-writing-block])&gt;*]:pointer-events-auto R6Vx5W_threadScrollVars scroll-mb-[calc(var(--scroll-root-safe-area-inset-bottom,0px)+var(--thread-response-height))] scroll-mt-(--header-height)\" dir=\"auto\" data-turn-id=\"a4b4575b-4989-4267-ac9d-8f32dfefddb2\" data-testid=\"conversation-turn-5\" data-scroll-anchor=\"false\" data-turn=\"user\"><\/section><section class=\"text-token-text-primary w-full focus:outline-none [--shadow-height:45px] has-data-writing-block:pointer-events-none has-data-writing-block:-mt-(--shadow-height) has-data-writing-block:pt-(--shadow-height) [&amp;:has([data-writing-block])&gt;*]:pointer-events-auto [content-visibility:auto] supports-[content-visibility:auto]:[contain-intrinsic-size:auto_100lvh] R6Vx5W_threadScrollVars scroll-mb-[calc(var(--scroll-root-safe-area-inset-bottom,0px)+var(--thread-response-height))] scroll-mt-[calc(var(--header-height)+min(200px,max(70px,20svh)))]\" dir=\"auto\" data-turn-id=\"request-WEB:8752ecf8-83e9-4859-8b75-650d8f4e18cd-4\" data-testid=\"conversation-turn-6\" data-scroll-anchor=\"false\" data-turn=\"assistant\"><div class=\"text-base my-auto mx-auto pb-10 [--thread-content-margin:var(--thread-content-margin-xs,calc(var(--spacing)*4))] @w-sm\/main:[--thread-content-margin:var(--thread-content-margin-sm,calc(var(--spacing)*6))] @w-lg\/main:[--thread-content-margin:var(--thread-content-margin-lg,calc(var(--spacing)*16))] px-(--thread-content-margin)\"><div class=\"[--thread-content-max-width:40rem] @w-lg\/main:[--thread-content-max-width:48rem] mx-auto max-w-(--thread-content-max-width) flex-1 group\/turn-messages focus-visible:outline-hidden relative flex w-full min-w-0 flex-col agent-turn\"><div class=\"flex max-w-full flex-col gap-4 grow\"><div class=\"min-h-8 text-message relative flex w-full flex-col items-end gap-2 text-start break-words whitespace-normal outline-none keyboard-focused:focus-ring [.text-message+&amp;]:mt-1\" dir=\"auto\" tabindex=\"0\" data-message-author-role=\"assistant\" data-message-id=\"4b2b20de-e35b-43fc-a9c1-bd43324ef243\" data-message-model-slug=\"gpt-5-3\" data-turn-start-message=\"true\"><div class=\"flex w-full flex-col gap-1 empty:hidden\"><div class=\"markdown prose dark:prose-invert w-full wrap-break-word light markdown-new-styling\"><p data-start=\"0\" data-end=\"48\"><span style=\"color: #000000; font-size: 17px;\">O evento <strong><span style=\"color: #1c5fa8;\">\u201cLa\u00e7os que Curam\u201d<\/span><\/strong>, realizado com o apoio da <strong>IPWSO e da Friends of IPWSO<\/strong>, proporcionou uma experi\u00eancia de hipoterapia a pessoas com s\u00edndrome de Prader-Willi e suas fam\u00edlias.<\/span><br \/><span style=\"color: #000000; font-size: 17px;\">A iniciativa promoveu benef\u00edcios f\u00edsicos, emocionais e sociais, destacando-se pela melhoria da confian\u00e7a, do equil\u00edbrio e pelo fortalecimento de la\u00e7os entre participantes.\u00a0<\/span><\/p><\/div><\/div><\/div><\/div><\/div><\/div><\/section>\t\t\t\t\t\t\t\t<\/div>\n\t\t\t\t<\/div>\n\t\t\t\t<div class=\"elementor-element elementor-element-272f1b7 elementor-align-center elementor-widget elementor-widget-button\" data-id=\"272f1b7\" data-element_type=\"widget\" data-e-type=\"widget\" data-widget_type=\"button.default\">\n\t\t\t\t<div class=\"elementor-widget-container\">\n\t\t\t\t\t\t\t\t\t<div class=\"elementor-button-wrapper\">\n\t\t\t\t\t<a class=\"elementor-button elementor-button-link elementor-size-sm\" href=\"https:\/\/appw.pt\/index.php\/lacos-que-curam-evento-de-hipoterapia\/\" target=\"_blank\">\n\t\t\t\t\t\t<span class=\"elementor-button-content-wrapper\">\n\t\t\t\t\t\t\t\t\t<span class=\"elementor-button-text\">Clique aqui<\/span>\n\t\t\t\t\t<\/span>\n\t\t\t\t\t<\/a>\n\t\t\t\t<\/div>\n\t\t\t\t\t\t\t\t<\/div>\n\t\t\t\t<\/div>\n\t\t\t\t<\/div>\n\t\t<div class=\"elementor-element elementor-element-b507e2a e-con-full e-flex e-con e-child\" data-id=\"b507e2a\" data-element_type=\"container\" data-e-type=\"container\">\r\n\t\t\t\t<\/div>\n\t\t\t\t\t<\/div>\n\t\t\t\t<\/div>\n\t\t<div class=\"elementor-element elementor-element-e8bf1a1 e-flex e-con-boxed e-con e-parent\" data-id=\"e8bf1a1\" data-element_type=\"container\" data-e-type=\"container\">\r\n\t\t\t\t\t<div class=\"e-con-inner\">\r\n\t\t\t\t<div class=\"elementor-element elementor-element-a69d1e7 elementor-widget elementor-widget-spacer\" data-id=\"a69d1e7\" data-element_type=\"widget\" data-e-type=\"widget\" data-widget_type=\"spacer.default\">\n\t\t\t\t<div class=\"elementor-widget-container\">\n\t\t\t\t\t\t\t<div class=\"elementor-spacer\">\n\t\t\t<div class=\"elementor-spacer-inner\"><\/div>\n\t\t<\/div>\n\t\t\t\t\t\t<\/div>\n\t\t\t\t<\/div>\n\t\t\t\t\t<\/div>\n\t\t\t\t<\/div>\n\t\t<div class=\"elementor-element elementor-element-1455528 e-flex e-con-boxed e-con e-parent\" data-id=\"1455528\" data-element_type=\"container\" data-e-type=\"container\">\r\n\t\t\t\t\t<div class=\"e-con-inner\">\r\n\t\t\t\t<div class=\"elementor-element elementor-element-29e409a elementor-widget elementor-widget-spacer\" data-id=\"29e409a\" data-element_type=\"widget\" data-e-type=\"widget\" data-widget_type=\"spacer.default\">\n\t\t\t\t<div class=\"elementor-widget-container\">\n\t\t\t\t\t\t\t<div class=\"elementor-spacer\">\n\t\t\t<div class=\"elementor-spacer-inner\"><\/div>\n\t\t<\/div>\n\t\t\t\t\t\t<\/div>\n\t\t\t\t<\/div>\n\t\t\t\t\t<\/div>\n\t\t\t\t<\/div>\n\t\t\t\t<\/div>\n\t\t","protected":false},"excerpt":{"rendered":"<p>Projetos financiados pelo PAFI O Encontro Nacional da APPW, realizado anualmente, re\u00fane toda a comunidade Prader-Willi num momento de partilha, socializa\u00e7\u00e3o, pr\u00e1tica desportiva e aprendizagem conjunta, promovendo o trabalho em equipa e a valoriza\u00e7\u00e3o das diferen\u00e7as. \u00a0 Clique aqui Escola para todos &#8211; conhecendo a S\u00edndrome de Prader-Willi O projeto Escola para Todos \u2013 Conhecendo [&hellip;]<\/p>\n","protected":false},"author":1,"featured_media":0,"parent":0,"menu_order":0,"comment_status":"closed","ping_status":"closed","template":"","meta":{"footnotes":""},"wf_page_folders":[40],"class_list":["post-5156","page","type-page","status-publish","hentry"],"_links":{"self":[{"href":"https:\/\/appw.pt\/index.php\/wp-json\/wp\/v2\/pages\/5156","targetHints":{"allow":["GET"]}}],"collection":[{"href":"https:\/\/appw.pt\/index.php\/wp-json\/wp\/v2\/pages"}],"about":[{"href":"https:\/\/appw.pt\/index.php\/wp-json\/wp\/v2\/types\/page"}],"author":[{"embeddable":true,"href":"https:\/\/appw.pt\/index.php\/wp-json\/wp\/v2\/users\/1"}],"replies":[{"embeddable":true,"href":"https:\/\/appw.pt\/index.php\/wp-json\/wp\/v2\/comments?post=5156"}],"version-history":[{"count":53,"href":"https:\/\/appw.pt\/index.php\/wp-json\/wp\/v2\/pages\/5156\/revisions"}],"predecessor-version":[{"id":6786,"href":"https:\/\/appw.pt\/index.php\/wp-json\/wp\/v2\/pages\/5156\/revisions\/6786"}],"wp:attachment":[{"href":"https:\/\/appw.pt\/index.php\/wp-json\/wp\/v2\/media?parent=5156"}],"wp:term":[{"taxonomy":"wf_page_folders","embeddable":true,"href":"https:\/\/appw.pt\/index.php\/wp-json\/wp\/v2\/wf_page_folders?post=5156"}],"curies":[{"name":"wp","href":"https:\/\/api.w.org\/{rel}","templated":true}]}}