{"id":5137,"date":"2025-07-24T19:58:32","date_gmt":"2025-07-24T19:58:32","guid":{"rendered":"https:\/\/appw.pt\/?page_id=5137"},"modified":"2025-09-02T14:32:29","modified_gmt":"2025-09-02T14:32:29","slug":"centro-diferencas","status":"publish","type":"page","link":"https:\/\/appw.pt\/index.php\/centro-diferencas\/","title":{"rendered":"Centro Diferen\u00e7as"},"content":{"rendered":"\t\t<div data-elementor-type=\"wp-page\" data-elementor-id=\"5137\" class=\"elementor elementor-5137\">\n\t\t\t\t\t\t<section class=\"elementor-section elementor-top-section elementor-element elementor-element-38d557e elementor-section-content-middle overflow-hidden pt-md-4 pt-xl-0 elementor-section-boxed elementor-section-height-default elementor-section-height-default\" data-id=\"38d557e\" data-element_type=\"section\" data-e-type=\"section\">\r\n\t\t\r\n\t\t\t\t\t\t\t<div class=\"elementor-container elementor-column-gap-default\">\r\n\t\t\t\t\t\t\t\t\t\t\t<div class=\"elementor-column elementor-col-50 elementor-top-column elementor-element elementor-element-c3bb278\" data-id=\"c3bb278\" data-element_type=\"column\" data-e-type=\"column\">\r\n\t\t\t\t\t<div class=\"elementor-widget-wrap elementor-element-populated\">\r\n\t\t\t\t\t\t\t\t<div class=\"elementor-element elementor-element-169aada mb-4 elementor-invisible elementor-widget elementor-widget-heading\" data-id=\"169aada\" data-element_type=\"widget\" data-e-type=\"widget\" data-settings=\"{&quot;_animation&quot;:&quot;fadeInUp&quot;,&quot;_animation_delay&quot;:450}\" data-widget_type=\"heading.default\">\n\t\t\t\t<div class=\"elementor-widget-container\">\n\t\t\t\t\t<p class=\"elementor-heading-title elementor-size-default\">A APPW tem um protocolo de colabora\u00e7\u00e3o com o Centro Diferen\u00e7as, refor\u00e7ando o seu compromisso com o apoio especializado no desenvolvimento das crian\u00e7as e jovens com S\u00edndrome de Prader-Willi.\n\nO Centro Diferen\u00e7as \u00e9 uma unidade cl\u00ednica dedicada ao desenvolvimento infantil, focando-se no diagn\u00f3stico, acompanhamento e interven\u00e7\u00e3o em crian\u00e7as com necessidades do neurodesenvolvimento. Re\u00fane uma equipa multidisciplinar composta por m\u00e9dicos, psic\u00f3logos, terapeutas e outros profissionais especializados, oferecendo respostas integradas e centradas na crian\u00e7a e na fam\u00edlia.\n\nEsta parceria permite \u00e0 APPW facilitar o acesso a avalia\u00e7\u00f5es e interven\u00e7\u00f5es cl\u00ednicas de excel\u00eancia, promovendo uma resposta precoce e ajustada \u00e0s necessidades espec\u00edficas das fam\u00edlias que acompanha.<\/p>\t\t\t\t<\/div>\n\t\t\t\t<\/div>\n\t\t\t\t<div class=\"elementor-element elementor-element-dfeeea2 elementor-widget elementor-widget-spacer\" data-id=\"dfeeea2\" data-element_type=\"widget\" data-e-type=\"widget\" data-widget_type=\"spacer.default\">\n\t\t\t\t<div class=\"elementor-widget-container\">\n\t\t\t\t\t\t\t<div class=\"elementor-spacer\">\n\t\t\t<div class=\"elementor-spacer-inner\"><\/div>\n\t\t<\/div>\n\t\t\t\t\t\t<\/div>\n\t\t\t\t<\/div>\n\t\t\t\t<div class=\"elementor-element elementor-element-6a56734 elementor-widget elementor-widget-button\" data-id=\"6a56734\" data-element_type=\"widget\" data-e-type=\"widget\" data-widget_type=\"button.default\">\n\t\t\t\t<div class=\"elementor-widget-container\">\n\t\t\t\t\t\t\t\t\t<div class=\"elementor-button-wrapper\">\n\t\t\t\t\t<a class=\"elementor-button elementor-button-link elementor-size-sm\" href=\"https:\/\/appw.pt\/wp-content\/uploads\/2025\/07\/Diferencas.pdf\" target=\"_blank\">\n\t\t\t\t\t\t<span class=\"elementor-button-content-wrapper\">\n\t\t\t\t\t\t\t\t\t<span class=\"elementor-button-text\">Tabela de Pre\u00e7os<\/span>\n\t\t\t\t\t<\/span>\n\t\t\t\t\t<\/a>\n\t\t\t\t<\/div>\n\t\t\t\t\t\t\t\t<\/div>\n\t\t\t\t<\/div>\n\t\t\t\t\t<\/div>\r\n\t\t\t\t<\/div>\r\n\t\t\t\t<div class=\"elementor-column elementor-col-50 elementor-top-column elementor-element elementor-element-c45fecf ps-lg-5 pe-5 custom-auto-img\" data-id=\"c45fecf\" data-element_type=\"column\" data-e-type=\"column\">\r\n\t\t\t\t\t<div class=\"elementor-widget-wrap elementor-element-populated\">\r\n\t\t\t\t\t\t\t\t<div class=\"elementor-element elementor-element-6aef0db elementor-widget elementor-widget-image\" data-id=\"6aef0db\" data-element_type=\"widget\" data-e-type=\"widget\" data-widget_type=\"image.default\">\n\t\t\t\t<div class=\"elementor-widget-container\">\n\t\t\t\t\t\t\t\t\t\t\t\t\t\t\t<img fetchpriority=\"high\" decoding=\"async\" width=\"225\" height=\"225\" src=\"https:\/\/appw.pt\/wp-content\/uploads\/2025\/07\/Imagem-WhatsApp-2025-07-23-as-00.50.58_623af63c.jpg\" class=\"attachment-full size-full wp-image-5026\" alt=\"\" \/>\t\t\t\t\t\t\t\t\t\t\t\t\t\t\t<\/div>\n\t\t\t\t<\/div>\n\t\t\t\t\t<\/div>\r\n\t\t\t\t<\/div>\r\n\t\t\t\t\t<\/div>\r\n\t\t\t\t<\/section>\r\n\t\t<div class=\"elementor-element elementor-element-f4e104f e-flex e-con-boxed e-con e-parent\" data-id=\"f4e104f\" data-element_type=\"container\" data-e-type=\"container\">\r\n\t\t\t\t\t<div class=\"e-con-inner\">\r\n\t\t\t\t<div class=\"elementor-element elementor-element-6cac2aa elementor-widget elementor-widget-spacer\" data-id=\"6cac2aa\" data-element_type=\"widget\" data-e-type=\"widget\" data-widget_type=\"spacer.default\">\n\t\t\t\t<div class=\"elementor-widget-container\">\n\t\t\t\t\t\t\t<div class=\"elementor-spacer\">\n\t\t\t<div class=\"elementor-spacer-inner\"><\/div>\n\t\t<\/div>\n\t\t\t\t\t\t<\/div>\n\t\t\t\t<\/div>\n\t\t\t\t\t<\/div>\n\t\t\t\t<\/div>\n\t\t<div class=\"elementor-element elementor-element-f18aaa7 e-flex e-con-boxed e-con e-parent\" data-id=\"f18aaa7\" data-element_type=\"container\" data-e-type=\"container\">\r\n\t\t\t\t\t<div class=\"e-con-inner\">\r\n\t\t\t\t<div class=\"elementor-element elementor-element-890a363 elementor-widget__width-initial elementor-position-top elementor-widget elementor-widget-image-box\" data-id=\"890a363\" data-element_type=\"widget\" data-e-type=\"widget\" data-widget_type=\"image-box.default\">\n\t\t\t\t<div class=\"elementor-widget-container\">\n\t\t\t\t\t<div class=\"elementor-image-box-wrapper\"><figure class=\"elementor-image-box-img\"><a href=\"https:\/\/diferencas.net\/\" tabindex=\"-1\"><img decoding=\"async\" width=\"300\" height=\"168\" src=\"https:\/\/appw.pt\/wp-content\/uploads\/2025\/07\/diferencas-03.jpeg\" class=\"attachment-full size-full wp-image-5271\" alt=\"\" \/><\/a><\/figure><div class=\"elementor-image-box-content\"><p class=\"elementor-image-box-title\"><a href=\"https:\/\/diferencas.net\/\">clique na imagem para aceder ao site<\/a><\/p><\/div><\/div>\t\t\t\t<\/div>\n\t\t\t\t<\/div>\n\t\t\t\t\t<\/div>\n\t\t\t\t<\/div>\n\t\t\t\t<\/div>\n\t\t","protected":false},"excerpt":{"rendered":"<p>A APPW tem um protocolo de colabora\u00e7\u00e3o com o Centro Diferen\u00e7as, refor\u00e7ando o seu compromisso com o apoio especializado no desenvolvimento das crian\u00e7as e jovens com S\u00edndrome de Prader-Willi. O Centro Diferen\u00e7as \u00e9 uma unidade cl\u00ednica dedicada ao desenvolvimento infantil, focando-se no diagn\u00f3stico, acompanhamento e interven\u00e7\u00e3o em crian\u00e7as com necessidades do neurodesenvolvimento. Re\u00fane uma equipa [&hellip;]<\/p>\n","protected":false},"author":4,"featured_media":0,"parent":0,"menu_order":0,"comment_status":"closed","ping_status":"closed","template":"","meta":{"footnotes":""},"wf_page_folders":[39],"class_list":["post-5137","page","type-page","status-publish","hentry"],"_links":{"self":[{"href":"https:\/\/appw.pt\/index.php\/wp-json\/wp\/v2\/pages\/5137","targetHints":{"allow":["GET"]}}],"collection":[{"href":"https:\/\/appw.pt\/index.php\/wp-json\/wp\/v2\/pages"}],"about":[{"href":"https:\/\/appw.pt\/index.php\/wp-json\/wp\/v2\/types\/page"}],"author":[{"embeddable":true,"href":"https:\/\/appw.pt\/index.php\/wp-json\/wp\/v2\/users\/4"}],"replies":[{"embeddable":true,"href":"https:\/\/appw.pt\/index.php\/wp-json\/wp\/v2\/comments?post=5137"}],"version-history":[{"count":22,"href":"https:\/\/appw.pt\/index.php\/wp-json\/wp\/v2\/pages\/5137\/revisions"}],"predecessor-version":[{"id":6139,"href":"https:\/\/appw.pt\/index.php\/wp-json\/wp\/v2\/pages\/5137\/revisions\/6139"}],"wp:attachment":[{"href":"https:\/\/appw.pt\/index.php\/wp-json\/wp\/v2\/media?parent=5137"}],"wp:term":[{"taxonomy":"wf_page_folders","embeddable":true,"href":"https:\/\/appw.pt\/index.php\/wp-json\/wp\/v2\/wf_page_folders?post=5137"}],"curies":[{"name":"wp","href":"https:\/\/api.w.org\/{rel}","templated":true}]}}