{"id":4388,"date":"2025-01-15T11:38:50","date_gmt":"2025-01-15T11:38:50","guid":{"rendered":"https:\/\/appw.pt\/?page_id=4388"},"modified":"2025-07-31T22:56:48","modified_gmt":"2025-07-31T22:56:48","slug":"psicologia","status":"publish","type":"page","link":"https:\/\/appw.pt\/index.php\/psicologia\/","title":{"rendered":"Psicologia"},"content":{"rendered":"\t\t<div data-elementor-type=\"wp-page\" data-elementor-id=\"4388\" class=\"elementor elementor-4388\">\n\t\t\t\t\t\t<section class=\"elementor-section elementor-top-section elementor-element elementor-element-38d557e elementor-section-content-middle overflow-hidden pt-md-4 pt-xl-0 elementor-section-boxed elementor-section-height-default elementor-section-height-default\" data-id=\"38d557e\" data-element_type=\"section\" data-e-type=\"section\">\r\n\t\t\r\n\t\t\t\t\t\t\t<div class=\"elementor-container elementor-column-gap-default\">\r\n\t\t\t\t\t\t\t\t\t\t\t<div class=\"elementor-column elementor-col-50 elementor-top-column elementor-element elementor-element-c3bb278\" data-id=\"c3bb278\" data-element_type=\"column\" data-e-type=\"column\">\r\n\t\t\t\t\t<div class=\"elementor-widget-wrap elementor-element-populated\">\r\n\t\t\t\t\t\t\t\t<div class=\"elementor-element elementor-element-1c9569c elementor-invisible elementor-widget elementor-widget-heading\" data-id=\"1c9569c\" data-element_type=\"widget\" data-e-type=\"widget\" data-settings=\"{&quot;_animation&quot;:&quot;fadeInUp&quot;,&quot;_animation_delay&quot;:100}\" data-widget_type=\"heading.default\">\n\t\t\t\t<div class=\"elementor-widget-container\">\n\t\t\t\t\t<h2 class=\"elementor-heading-title elementor-size-default\">Dr. Alexandre Contreiras<\/h2>\t\t\t\t<\/div>\n\t\t\t\t<\/div>\n\t\t\t\t<div class=\"elementor-element elementor-element-ddcbac0 customLineProgressAnim my-3 elementor-widget-divider--view-line elementor-invisible elementor-widget elementor-widget-divider\" data-id=\"ddcbac0\" data-element_type=\"widget\" data-e-type=\"widget\" data-settings=\"{&quot;_animation&quot;:&quot;fadeIn&quot;,&quot;_animation_delay&quot;:300}\" data-widget_type=\"divider.default\">\n\t\t\t\t<div class=\"elementor-widget-container\">\n\t\t\t\t\t\t\t<div class=\"elementor-divider\">\n\t\t\t<span class=\"elementor-divider-separator\">\n\t\t\t\t\t\t<\/span>\n\t\t<\/div>\n\t\t\t\t\t\t<\/div>\n\t\t\t\t<\/div>\n\t\t\t\t<div class=\"elementor-element elementor-element-169aada mb-4 elementor-invisible elementor-widget elementor-widget-heading\" data-id=\"169aada\" data-element_type=\"widget\" data-e-type=\"widget\" data-settings=\"{&quot;_animation&quot;:&quot;fadeInUp&quot;,&quot;_animation_delay&quot;:450}\" data-widget_type=\"heading.default\">\n\t\t\t\t<div class=\"elementor-widget-container\">\n\t\t\t\t\t<p class=\"elementor-heading-title elementor-size-default\">Psic\u00f3logo cl\u00ednico e psicoterapeuta psicanal\u00edtico, membro efetivo da Ordem Portuguesa de Psic\u00f3logos (13328), membro associado da Associa\u00e7\u00e3o de Psican\u00e1lise Relacional. \n<\/p>\t\t\t\t<\/div>\n\t\t\t\t<\/div>\n\t\t\t\t<div class=\"elementor-element elementor-element-ee7f617 mb-4 elementor-invisible elementor-widget elementor-widget-heading\" data-id=\"ee7f617\" data-element_type=\"widget\" data-e-type=\"widget\" data-settings=\"{&quot;_animation&quot;:&quot;fadeInUp&quot;,&quot;_animation_delay&quot;:450}\" data-widget_type=\"heading.default\">\n\t\t\t\t<div class=\"elementor-widget-container\">\n\t\t\t\t\t<p class=\"elementor-heading-title elementor-size-default\">Ap\u00f3s a forma\u00e7\u00e3o acad\u00e9mica deu inicio \u00e0 atividade em clinica privada recebendo beb\u00e9s, crian\u00e7as, adolescentes e adultos. Trabalhou nos Servi\u00e7os de Psiquiatria do Hospital Fernando da Fonseca (consulta externa e hospital de dia) e do Hospital J\u00falio de Matos (consulta externa de neuropsicologia).\n<\/p>\t\t\t\t<\/div>\n\t\t\t\t<\/div>\n\t\t\t\t<div class=\"elementor-element elementor-element-caf731b mb-4 elementor-invisible elementor-widget elementor-widget-heading\" data-id=\"caf731b\" data-element_type=\"widget\" data-e-type=\"widget\" data-settings=\"{&quot;_animation&quot;:&quot;fadeInUp&quot;,&quot;_animation_delay&quot;:450}\" data-widget_type=\"heading.default\">\n\t\t\t\t<div class=\"elementor-widget-container\">\n\t\t\t\t\t<p class=\"elementor-heading-title elementor-size-default\">H\u00e1 vinte anos que trabalha exclusivamente em cl\u00ednica privada, colaborando com outras associa\u00e7\u00f5es: M\u00e9ritis \u2013 Associa\u00e7\u00e3o de Apoio a Jovens e Associa\u00e7\u00e3o Borderline Portugal. As consultas de psicologia e psicoterapia poder\u00e3o ser presenciais (Lisboa) ou on-line. Com o valor de 50\u20ac.\n<\/p>\t\t\t\t<\/div>\n\t\t\t\t<\/div>\n\t\t\t\t<div class=\"elementor-element elementor-element-de6416a mb-4 elementor-invisible elementor-widget elementor-widget-heading\" data-id=\"de6416a\" data-element_type=\"widget\" data-e-type=\"widget\" data-settings=\"{&quot;_animation&quot;:&quot;fadeInUp&quot;,&quot;_animation_delay&quot;:450}\" data-widget_type=\"heading.default\">\n\t\t\t\t<div class=\"elementor-widget-container\">\n\t\t\t\t\t<p class=\"elementor-heading-title elementor-size-default\">Para mais informa\u00e7\u00f5es: Email: contreiras.alexandre@gmail.com\n<\/p>\t\t\t\t<\/div>\n\t\t\t\t<\/div>\n\t\t\t\t\t<\/div>\r\n\t\t\t\t<\/div>\r\n\t\t\t\t<div class=\"elementor-column elementor-col-50 elementor-top-column elementor-element elementor-element-c45fecf ps-lg-5 pe-5 custom-auto-img\" data-id=\"c45fecf\" data-element_type=\"column\" data-e-type=\"column\">\r\n\t\t\t\t\t<div class=\"elementor-widget-wrap elementor-element-populated\">\r\n\t\t\t\t\t\t\t\t<div class=\"elementor-element elementor-element-6aef0db elementor-widget elementor-widget-image\" data-id=\"6aef0db\" data-element_type=\"widget\" data-e-type=\"widget\" data-widget_type=\"image.default\">\n\t\t\t\t<div class=\"elementor-widget-container\">\n\t\t\t\t\t\t\t\t\t\t\t\t\t\t\t<img fetchpriority=\"high\" decoding=\"async\" width=\"451\" height=\"452\" src=\"https:\/\/appw.pt\/wp-content\/uploads\/2025\/01\/Foto-Alexandre-Contreiras.jpg\" class=\"attachment-full size-full wp-image-4390\" alt=\"\" srcset=\"https:\/\/appw.pt\/wp-content\/uploads\/2025\/01\/Foto-Alexandre-Contreiras.jpg 451w, https:\/\/appw.pt\/wp-content\/uploads\/2025\/01\/Foto-Alexandre-Contreiras-400x401.jpg 400w, https:\/\/appw.pt\/wp-content\/uploads\/2025\/01\/Foto-Alexandre-Contreiras-367x367.jpg 367w\" sizes=\"(max-width: 451px) 100vw, 451px\" \/>\t\t\t\t\t\t\t\t\t\t\t\t\t\t\t<\/div>\n\t\t\t\t<\/div>\n\t\t\t\t\t<\/div>\r\n\t\t\t\t<\/div>\r\n\t\t\t\t\t<\/div>\r\n\t\t\t\t<\/section>\r\n\t\t\t\t<\/div>\n\t\t","protected":false},"excerpt":{"rendered":"<p>Dr. Alexandre Contreiras Psic\u00f3logo cl\u00ednico e psicoterapeuta psicanal\u00edtico, membro efetivo da Ordem Portuguesa de Psic\u00f3logos (13328), membro associado da Associa\u00e7\u00e3o de Psican\u00e1lise Relacional. Ap\u00f3s a forma\u00e7\u00e3o acad\u00e9mica deu inicio \u00e0 atividade em clinica privada recebendo beb\u00e9s, crian\u00e7as, adolescentes e adultos. Trabalhou nos Servi\u00e7os de Psiquiatria do Hospital Fernando da Fonseca (consulta externa e hospital de [&hellip;]<\/p>\n","protected":false},"author":1,"featured_media":0,"parent":0,"menu_order":0,"comment_status":"closed","ping_status":"closed","template":"","meta":{"footnotes":""},"wf_page_folders":[39],"class_list":["post-4388","page","type-page","status-publish","hentry"],"_links":{"self":[{"href":"https:\/\/appw.pt\/index.php\/wp-json\/wp\/v2\/pages\/4388","targetHints":{"allow":["GET"]}}],"collection":[{"href":"https:\/\/appw.pt\/index.php\/wp-json\/wp\/v2\/pages"}],"about":[{"href":"https:\/\/appw.pt\/index.php\/wp-json\/wp\/v2\/types\/page"}],"author":[{"embeddable":true,"href":"https:\/\/appw.pt\/index.php\/wp-json\/wp\/v2\/users\/1"}],"replies":[{"embeddable":true,"href":"https:\/\/appw.pt\/index.php\/wp-json\/wp\/v2\/comments?post=4388"}],"version-history":[{"count":10,"href":"https:\/\/appw.pt\/index.php\/wp-json\/wp\/v2\/pages\/4388\/revisions"}],"predecessor-version":[{"id":5500,"href":"https:\/\/appw.pt\/index.php\/wp-json\/wp\/v2\/pages\/4388\/revisions\/5500"}],"wp:attachment":[{"href":"https:\/\/appw.pt\/index.php\/wp-json\/wp\/v2\/media?parent=4388"}],"wp:term":[{"taxonomy":"wf_page_folders","embeddable":true,"href":"https:\/\/appw.pt\/index.php\/wp-json\/wp\/v2\/wf_page_folders?post=4388"}],"curies":[{"name":"wp","href":"https:\/\/api.w.org\/{rel}","templated":true}]}}